{"id":1047,"date":"2025-09-01T12:26:38","date_gmt":"2025-09-01T10:26:38","guid":{"rendered":"https:\/\/projects.madineurope.eu\/bricks\/visita-studio-in-italia\/"},"modified":"2025-10-03T16:55:28","modified_gmt":"2025-10-03T14:55:28","slug":"visita-studio-in-italia","status":"publish","type":"page","link":"https:\/\/projects.madineurope.eu\/bricks\/it\/visita-studio-in-italia\/","title":{"rendered":"Visita Studio in Italia"},"content":{"rendered":"\t\t<div data-elementor-type=\"wp-page\" data-elementor-id=\"1047\" class=\"elementor elementor-1047 elementor-717\" data-elementor-post-type=\"page\">\n\t\t\t\t<div class=\"elementor-element elementor-element-6de0ea0 e-flex e-con-boxed e-con e-parent\" data-id=\"6de0ea0\" data-element_type=\"container\">\n\t\t\t\t\t<div class=\"e-con-inner\">\n\t\t\t\t<div class=\"elementor-element elementor-element-71f36d1 elementor-widget elementor-widget-heading\" data-id=\"71f36d1\" data-element_type=\"widget\" data-widget_type=\"heading.default\">\n\t\t\t\t<div class=\"elementor-widget-container\">\n\t\t\t\t\t<h2 class=\"elementor-heading-title elementor-size-default\">Educazione non formale al centro: dal patrimonio all\u2019innovazione<\/h2>\t\t\t\t<\/div>\n\t\t\t\t<\/div>\n\t\t\t\t\t<\/div>\n\t\t\t\t<\/div>\n\t\t<div class=\"elementor-element elementor-element-da12266 e-flex e-con-boxed e-con e-parent\" data-id=\"da12266\" data-element_type=\"container\">\n\t\t\t\t\t<div class=\"e-con-inner\">\n\t\t\t\t<div class=\"elementor-element elementor-element-5ff2e63 elementor-widget__width-initial elementor-widget-mobile__width-initial elementor-widget elementor-widget-text-editor\" data-id=\"5ff2e63\" data-element_type=\"widget\" data-widget_type=\"text-editor.default\">\n\t\t\t\t<div class=\"elementor-widget-container\">\n\t\t\t\t\t\t\t\t\t<p data-start=\"282\" data-end=\"614\">Nel settembre 2025, il progetto BRICKS ha organizzato la sua terza e ultima visita di studio a Firenze e Montelupo Fiorentino, Italia. Nel corso di tre giorni, partner, educatori e artigiani hanno esplorato come l\u2019educazione non formale possa sostenere la trasmissione del sapere artigianale, collegandosi al tempo stesso a innovazione, certificazione e policy attive. <\/p><p data-start=\"616\" data-end=\"934\">Questa visita ha rappresentato una svolta per il progetto: dal confronto condiviso verso la definizione di raccomandazioni finali e scenari futuri per l\u2019educazione artigianale non formale in tutta Europa. Ha inoltre aperto la conversazione al grande pubblico durante uno degli eventi artigianali pi\u00f9 prestigiosi d\u2019Italia,<em data-start=\"908\" data-end=\"931\"> Artigianato e Palazzo<\/em>. <\/p>\t\t\t\t\t\t\t\t<\/div>\n\t\t\t\t<\/div>\n\t\t\t\t<div class=\"elementor-element elementor-element-af4aae5 elementor-invisible elementor-widget elementor-widget-image\" data-id=\"af4aae5\" data-element_type=\"widget\" data-settings=\"{&quot;_animation&quot;:&quot;fadeInLeft&quot;}\" data-widget_type=\"image.default\">\n\t\t\t\t<div class=\"elementor-widget-container\">\n\t\t\t\t\t\t\t\t\t\t\t\t\t\t\t<img fetchpriority=\"high\" decoding=\"async\" width=\"800\" height=\"622\" src=\"https:\/\/projects.madineurope.eu\/bricks\/wp-content\/uploads\/sites\/15\/2025\/10\/BRICKS-webiste-Italy.gif\" class=\"attachment-large size-large wp-image-1011\" alt=\"\" \/>\t\t\t\t\t\t\t\t\t\t\t\t\t\t\t<\/div>\n\t\t\t\t<\/div>\n\t\t\t\t\t<\/div>\n\t\t\t\t<\/div>\n\t\t<div class=\"elementor-element elementor-element-1871235 e-flex e-con-boxed e-con e-parent\" data-id=\"1871235\" data-element_type=\"container\">\n\t\t\t\t\t<div class=\"e-con-inner\">\n\t\t\t\t<div class=\"elementor-element elementor-element-3361707 elementor-widget elementor-widget-spacer\" data-id=\"3361707\" data-element_type=\"widget\" data-widget_type=\"spacer.default\">\n\t\t\t\t<div class=\"elementor-widget-container\">\n\t\t\t\t\t\t\t<div class=\"elementor-spacer\">\n\t\t\t<div class=\"elementor-spacer-inner\"><\/div>\n\t\t<\/div>\n\t\t\t\t\t\t<\/div>\n\t\t\t\t<\/div>\n\t\t\t\t<div class=\"elementor-element elementor-element-e60fe3a elementor-widget elementor-widget-heading\" data-id=\"e60fe3a\" data-element_type=\"widget\" data-widget_type=\"heading.default\">\n\t\t\t\t<div class=\"elementor-widget-container\">\n\t\t\t\t\t<h2 class=\"elementor-heading-title elementor-size-default\">Giorno 1: Immersione a Montelupo, la ceramica tra passato e futuro<\/h2>\t\t\t\t<\/div>\n\t\t\t\t<\/div>\n\t\t\t\t\t<\/div>\n\t\t\t\t<\/div>\n\t\t<div class=\"elementor-element elementor-element-d1a886e e-flex e-con-boxed e-con e-parent\" data-id=\"d1a886e\" data-element_type=\"container\">\n\t\t\t\t\t<div class=\"e-con-inner\">\n\t\t\t\t<div class=\"elementor-element elementor-element-8f28702 elementor-arrows-position-inside elementor-invisible elementor-widget elementor-widget-image-carousel\" data-id=\"8f28702\" data-element_type=\"widget\" data-settings=\"{&quot;slides_to_show&quot;:&quot;1&quot;,&quot;navigation&quot;:&quot;arrows&quot;,&quot;_animation&quot;:&quot;fadeInRight&quot;,&quot;autoplay&quot;:&quot;yes&quot;,&quot;pause_on_hover&quot;:&quot;yes&quot;,&quot;pause_on_interaction&quot;:&quot;yes&quot;,&quot;autoplay_speed&quot;:5000,&quot;infinite&quot;:&quot;yes&quot;,&quot;effect&quot;:&quot;slide&quot;,&quot;speed&quot;:500}\" data-widget_type=\"image-carousel.default\">\n\t\t\t\t<div class=\"elementor-widget-container\">\n\t\t\t\t\t\t\t<div class=\"elementor-image-carousel-wrapper swiper\" role=\"region\" aria-roledescription=\"carousel\" aria-label=\"Image Carousel\" dir=\"ltr\">\n\t\t\t<div class=\"elementor-image-carousel swiper-wrapper\" aria-live=\"off\">\n\t\t\t\t\t\t\t\t<div class=\"swiper-slide\" role=\"group\" aria-roledescription=\"slide\" aria-label=\"1 di 6\"><figure class=\"swiper-slide-inner\"><img decoding=\"async\" class=\"swiper-slide-image\" src=\"https:\/\/projects.madineurope.eu\/bricks\/wp-content\/uploads\/sites\/15\/2025\/10\/Montelupo-group.png\" alt=\"Montelupo group\" \/><\/figure><\/div><div class=\"swiper-slide\" role=\"group\" aria-roledescription=\"slide\" aria-label=\"2 di 6\"><figure class=\"swiper-slide-inner\"><img decoding=\"async\" class=\"swiper-slide-image\" src=\"https:\/\/projects.madineurope.eu\/bricks\/wp-content\/uploads\/sites\/15\/2025\/10\/Montelupo-1.png\" alt=\"Montelupo 1\" \/><\/figure><\/div><div class=\"swiper-slide\" role=\"group\" aria-roledescription=\"slide\" aria-label=\"3 di 6\"><figure class=\"swiper-slide-inner\"><img decoding=\"async\" class=\"swiper-slide-image\" src=\"https:\/\/projects.madineurope.eu\/bricks\/wp-content\/uploads\/sites\/15\/2025\/10\/Montelupo-school.png\" alt=\"Montelupo school\" \/><\/figure><\/div><div class=\"swiper-slide\" role=\"group\" aria-roledescription=\"slide\" aria-label=\"4 di 6\"><figure class=\"swiper-slide-inner\"><img decoding=\"async\" class=\"swiper-slide-image\" src=\"https:\/\/projects.madineurope.eu\/bricks\/wp-content\/uploads\/sites\/15\/2025\/10\/bitossi-ceramics-5.png\" alt=\"bitossi ceramics 5\" \/><\/figure><\/div><div class=\"swiper-slide\" role=\"group\" aria-roledescription=\"slide\" aria-label=\"5 di 6\"><figure class=\"swiper-slide-inner\"><img decoding=\"async\" class=\"swiper-slide-image\" src=\"https:\/\/projects.madineurope.eu\/bricks\/wp-content\/uploads\/sites\/15\/2025\/10\/montelupo-school-2.png\" alt=\"montelupo school 2\" \/><\/figure><\/div><div class=\"swiper-slide\" role=\"group\" aria-roledescription=\"slide\" aria-label=\"6 di 6\"><figure class=\"swiper-slide-inner\"><img decoding=\"async\" class=\"swiper-slide-image\" src=\"https:\/\/projects.madineurope.eu\/bricks\/wp-content\/uploads\/sites\/15\/2025\/10\/Bitossi-1.png\" alt=\"Bitossi 1\" \/><\/figure><\/div>\t\t\t<\/div>\n\t\t\t\t\t\t\t\t\t\t\t\t<div class=\"elementor-swiper-button elementor-swiper-button-prev\" role=\"button\" tabindex=\"0\">\n\t\t\t\t\t\t<svg aria-hidden=\"true\" class=\"e-font-icon-svg e-eicon-chevron-left\" viewBox=\"0 0 1000 1000\" xmlns=\"http:\/\/www.w3.org\/2000\/svg\"><path d=\"M646 125C629 125 613 133 604 142L308 442C296 454 292 471 292 487 292 504 296 521 308 533L604 854C617 867 629 875 646 875 663 875 679 871 692 858 704 846 713 829 713 812 713 796 708 779 692 767L438 487 692 225C700 217 708 204 708 187 708 171 704 154 692 142 675 129 663 125 646 125Z\"><\/path><\/svg>\t\t\t\t\t<\/div>\n\t\t\t\t\t<div class=\"elementor-swiper-button elementor-swiper-button-next\" role=\"button\" tabindex=\"0\">\n\t\t\t\t\t\t<svg aria-hidden=\"true\" class=\"e-font-icon-svg e-eicon-chevron-right\" viewBox=\"0 0 1000 1000\" xmlns=\"http:\/\/www.w3.org\/2000\/svg\"><path d=\"M696 533C708 521 713 504 713 487 713 471 708 454 696 446L400 146C388 133 375 125 354 125 338 125 325 129 313 142 300 154 292 171 292 187 292 204 296 221 308 233L563 492 304 771C292 783 288 800 288 817 288 833 296 850 308 863 321 871 338 875 354 875 371 875 388 867 400 854L696 533Z\"><\/path><\/svg>\t\t\t\t\t<\/div>\n\t\t\t\t\n\t\t\t\t\t\t\t\t\t<\/div>\n\t\t\t\t\t\t<\/div>\n\t\t\t\t<\/div>\n\t\t<div class=\"elementor-element elementor-element-2c5425c e-con-full e-flex e-con e-child\" data-id=\"2c5425c\" data-element_type=\"container\">\n\t\t\t\t<div class=\"elementor-element elementor-element-f618da7 elementor-widget elementor-widget-text-editor\" data-id=\"f618da7\" data-element_type=\"widget\" data-widget_type=\"text-editor.default\">\n\t\t\t\t<div class=\"elementor-widget-container\">\n\t\t\t\t\t\t\t\t\t<p data-start=\"1004\" data-end=\"1135\">La visita si \u00e8 aperta a Montelupo Fiorentino, citt\u00e0 con secoli di tradizione ceramica. I partecipanti hanno visitato tre luoghi emblematici: <\/p><p data-start=\"1137\" data-end=\"1321\">\u2714\ufe0f <strong data-start=\"1140\" data-end=\"1164\">Museo della Ceramica<\/strong>: ha illustrato l\u2019influenza globale della citt\u00e0 dal Rinascimento a oggi, con reperti archeologici che mostrano l\u2019evoluzione di tecniche e motivi attraverso i secoli<\/p><p data-start=\"1323\" data-end=\"1556\">\u2714\ufe0f<strong data-start=\"1326\" data-end=\"1361\"> Scuola di Ceramica di Montelupo<\/strong>: un modello che combina formazione formale e non formale. Le sue certificazioni modulari integrano artigianato e imprenditorialit\u00e0, sperimentando anche con modellazione digitale e stampa 3D. <\/p><p data-start=\"1558\" data-end=\"1717\">\u2714\ufe0f<strong data-start=\"1561\" data-end=\"1602\"> Archivio e Centro Sperimentale Bitossi<\/strong>: documenta un secolo di design della ceramica italiana, collegando tradizione e collaborazioni artistiche contemporanee.<\/p><p data-start=\"1719\" data-end=\"1966\">Montelupo ha dimostrato come l\u2019educazione basata sul territorio possa unire patrimonio e modernit\u00e0. Scuole e archivi mostrano come maestri in pensione, designer e nuove tecnologie possano collaborare per costruire ecosistemi di apprendimento resilienti e inclusivi. <\/p>\t\t\t\t\t\t\t\t<\/div>\n\t\t\t\t<\/div>\n\t\t\t\t<\/div>\n\t\t\t\t\t<\/div>\n\t\t\t\t<\/div>\n\t\t<div class=\"elementor-element elementor-element-140735e e-flex e-con-boxed e-con e-parent\" data-id=\"140735e\" data-element_type=\"container\">\n\t\t\t\t\t<div class=\"e-con-inner\">\n\t\t\t\t<div class=\"elementor-element elementor-element-00965e2 elementor-widget elementor-widget-spacer\" data-id=\"00965e2\" data-element_type=\"widget\" data-widget_type=\"spacer.default\">\n\t\t\t\t<div class=\"elementor-widget-container\">\n\t\t\t\t\t\t\t<div class=\"elementor-spacer\">\n\t\t\t<div class=\"elementor-spacer-inner\"><\/div>\n\t\t<\/div>\n\t\t\t\t\t\t<\/div>\n\t\t\t\t<\/div>\n\t\t\t\t<div class=\"elementor-element elementor-element-26b04c5 elementor-widget elementor-widget-heading\" data-id=\"26b04c5\" data-element_type=\"widget\" data-widget_type=\"heading.default\">\n\t\t\t\t<div class=\"elementor-widget-container\">\n\t\t\t\t\t<h2 class=\"elementor-heading-title elementor-size-default\">Giorno 2: Sessione di lavoro, pratiche di condivisione e sfide<\/h2>\t\t\t\t<\/div>\n\t\t\t\t<\/div>\n\t\t\t\t<div class=\"elementor-element elementor-element-3df26af elementor-widget elementor-widget-text-editor\" data-id=\"3df26af\" data-element_type=\"widget\" data-widget_type=\"text-editor.default\">\n\t\t\t\t<div class=\"elementor-widget-container\">\n\t\t\t\t\t\t\t\t\t<p>Il secondo giorno della visita, ospitato da ARTEX, ha spostato l\u2019attenzione dall\u2019immersione sul campo alla riflessione e allo scambio collettivo. Partner e ospiti da Italia, Belgio, Georgia e Polonia hanno presentato i loro contesti nazionali, condiviso esperienze personali e discusso come l\u2019educazione artigianale non formale possa essere strutturata, riconosciuta e sostenuta in Europa. <\/p>\t\t\t\t\t\t\t\t<\/div>\n\t\t\t\t<\/div>\n\t\t\t\t\t<\/div>\n\t\t\t\t<\/div>\n\t\t<div class=\"elementor-element elementor-element-0e02cc6 e-flex e-con-boxed e-con e-parent\" data-id=\"0e02cc6\" data-element_type=\"container\">\n\t\t\t\t\t<div class=\"e-con-inner\">\n\t\t\t\t<div class=\"elementor-element elementor-element-fef5a2c e-n-tabs-mobile elementor-widget elementor-widget-n-tabs\" data-id=\"fef5a2c\" data-element_type=\"widget\" data-settings=\"{&quot;tabs_justify_horizontal&quot;:&quot;center&quot;,&quot;horizontal_scroll&quot;:&quot;disable&quot;}\" data-widget_type=\"nested-tabs.default\">\n\t\t\t\t<div class=\"elementor-widget-container\">\n\t\t\t\t\t\t\t<div class=\"e-n-tabs\" data-widget-number=\"267344428\" aria-label=\"Schede. Apri gli elementi con Invio o Spazio, chiudili con Esc e naviga con i tasti freccia.\">\n\t\t\t<div class=\"e-n-tabs-heading\" role=\"tablist\">\n\t\t\t\t\t<button id=\"e-n-tab-title-2673444281\" class=\"e-n-tab-title\" aria-selected=\"true\" data-tab-index=\"1\" role=\"tab\" tabindex=\"0\" aria-controls=\"e-n-tab-content-2673444281\" style=\"--n-tabs-title-order: 1;\">\n\t\t\t\t\t\t<span class=\"e-n-tab-title-text\">\n\t\t\t\tBELGIO\t\t\t<\/span>\n\t\t<\/button>\n\t\t\t\t<button id=\"e-n-tab-title-2673444282\" class=\"e-n-tab-title\" aria-selected=\"false\" data-tab-index=\"2\" role=\"tab\" tabindex=\"-1\" aria-controls=\"e-n-tab-content-2673444282\" style=\"--n-tabs-title-order: 2;\">\n\t\t\t\t\t\t<span class=\"e-n-tab-title-text\">\n\t\t\t\tITALIA\t\t\t<\/span>\n\t\t<\/button>\n\t\t\t\t<button id=\"e-n-tab-title-2673444283\" class=\"e-n-tab-title\" aria-selected=\"false\" data-tab-index=\"3\" role=\"tab\" tabindex=\"-1\" aria-controls=\"e-n-tab-content-2673444283\" style=\"--n-tabs-title-order: 3;\">\n\t\t\t\t\t\t<span class=\"e-n-tab-title-text\">\n\t\t\t\tGEORGIA\t\t\t<\/span>\n\t\t<\/button>\n\t\t\t\t<button id=\"e-n-tab-title-2673444284\" class=\"e-n-tab-title\" aria-selected=\"false\" data-tab-index=\"4\" role=\"tab\" tabindex=\"-1\" aria-controls=\"e-n-tab-content-2673444284\" style=\"--n-tabs-title-order: 4;\">\n\t\t\t\t\t\t<span class=\"e-n-tab-title-text\">\n\t\t\t\tPOLONIA\t\t\t<\/span>\n\t\t<\/button>\n\t\t\t\t\t<\/div>\n\t\t\t<div class=\"e-n-tabs-content\">\n\t\t\t\t<div id=\"e-n-tab-content-2673444281\" role=\"tabpanel\" aria-labelledby=\"e-n-tab-title-2673444281\" data-tab-index=\"1\" style=\"--n-tabs-title-order: 1;\" class=\"e-active elementor-element elementor-element-64c0989 e-con-full e-flex e-con e-child\" data-id=\"64c0989\" data-element_type=\"container\">\n\t\t\t\t<div class=\"elementor-element elementor-element-8f7b069 elementor-widget elementor-widget-text-editor\" data-id=\"8f7b069\" data-element_type=\"widget\" data-widget_type=\"text-editor.default\">\n\t\t\t\t<div class=\"elementor-widget-container\">\n\t\t\t\t\t\t\t\t\t<p data-start=\"3661\" data-end=\"3830\">\u2714\ufe0f<strong data-start=\"1494\" data-end=\"1548\"> No\u00e9 Morin (TRA<\/strong> \u2013 <a href=\"https:\/\/www.latablerondearchitecture.com\/\">La Table Ronde de l\u2019Architecture<\/a>) ha presentato le scuole estive di Bruges e Alsazia, dove architetti e studenti riscoprono tecniche costruttive vernacolari come il legno e le malte a calce. Questi programmi pratici collocano l\u2019artigianato al centro della formazione architettonica. <\/p><p data-start=\"3661\" data-end=\"3830\"><br data-start=\"1797\" data-end=\"1800\">\u2714\ufe0f <strong data-start=\"1803\" data-end=\"1818\">Th\u00e9o Michel<\/strong>, <a href=\"https:\/\/theomichelceramique.com\/\">ceramista<\/a> ed educatore, ha raccontato la creazione del primo programma professionale di ceramica a Bruxelles. Pur essendo finanziato privatamente, ha gi\u00e0 permesso a diversi studenti di aprire i propri studi, dimostrando che l\u2019educazione non formale pu\u00f2 generare percorsi professionali sostenibili. <\/p>\t\t\t\t\t\t\t\t<\/div>\n\t\t\t\t<\/div>\n\t\t<div class=\"elementor-element elementor-element-507adf7 e-grid e-con-full e-con e-child\" data-id=\"507adf7\" data-element_type=\"container\">\n\t\t\t\t<div class=\"elementor-element elementor-element-3f1e6fc elementor-widget elementor-widget-image\" data-id=\"3f1e6fc\" data-element_type=\"widget\" data-widget_type=\"image.default\">\n\t\t\t\t<div class=\"elementor-widget-container\">\n\t\t\t\t\t\t\t\t\t\t\t\t\t\t\t<img decoding=\"async\" width=\"800\" height=\"622\" src=\"https:\/\/projects.madineurope.eu\/bricks\/wp-content\/uploads\/sites\/15\/2025\/10\/noe-tra.png\" class=\"attachment-large size-large wp-image-935\" alt=\"\" srcset=\"https:\/\/projects.madineurope.eu\/bricks\/wp-content\/uploads\/sites\/15\/2025\/10\/noe-tra.png 900w, https:\/\/projects.madineurope.eu\/bricks\/wp-content\/uploads\/sites\/15\/2025\/10\/noe-tra-300x233.png 300w, https:\/\/projects.madineurope.eu\/bricks\/wp-content\/uploads\/sites\/15\/2025\/10\/noe-tra-768x597.png 768w\" sizes=\"(max-width: 800px) 100vw, 800px\" \/>\t\t\t\t\t\t\t\t\t\t\t\t\t\t\t<\/div>\n\t\t\t\t<\/div>\n\t\t\t\t<div class=\"elementor-element elementor-element-c856654 elementor-widget elementor-widget-image\" data-id=\"c856654\" data-element_type=\"widget\" data-widget_type=\"image.default\">\n\t\t\t\t<div class=\"elementor-widget-container\">\n\t\t\t\t\t\t\t\t\t\t\t\t\t\t\t<img decoding=\"async\" width=\"800\" height=\"622\" src=\"https:\/\/projects.madineurope.eu\/bricks\/wp-content\/uploads\/sites\/15\/2025\/10\/theo-michel.png\" class=\"attachment-large size-large wp-image-939\" alt=\"\" srcset=\"https:\/\/projects.madineurope.eu\/bricks\/wp-content\/uploads\/sites\/15\/2025\/10\/theo-michel.png 900w, https:\/\/projects.madineurope.eu\/bricks\/wp-content\/uploads\/sites\/15\/2025\/10\/theo-michel-300x233.png 300w, https:\/\/projects.madineurope.eu\/bricks\/wp-content\/uploads\/sites\/15\/2025\/10\/theo-michel-768x597.png 768w\" sizes=\"(max-width: 800px) 100vw, 800px\" \/>\t\t\t\t\t\t\t\t\t\t\t\t\t\t\t<\/div>\n\t\t\t\t<\/div>\n\t\t\t\t<\/div>\n\t\t\t\t<\/div>\n\t\t<div id=\"e-n-tab-content-2673444282\" role=\"tabpanel\" aria-labelledby=\"e-n-tab-title-2673444282\" data-tab-index=\"2\" style=\"--n-tabs-title-order: 2;\" class=\" elementor-element elementor-element-e21b5f1 e-con-full e-flex e-con e-child\" data-id=\"e21b5f1\" data-element_type=\"container\">\n\t\t\t\t<div class=\"elementor-element elementor-element-5104169 elementor-widget elementor-widget-text-editor\" data-id=\"5104169\" data-element_type=\"widget\" data-widget_type=\"text-editor.default\">\n\t\t\t\t<div class=\"elementor-widget-container\">\n\t\t\t\t\t\t\t\t\t<p data-start=\"2629\" data-end=\"2857\">\u2714\ufe0f <strong data-start=\"635\" data-end=\"654\">Stefano Parrini<\/strong>, maestro <a href=\"https:\/\/www.stefanoparrini.com\/\">pellettiere<\/a> toscano, ha riflettuto su quarant\u2019anni di esperienza come artigiano e formatore. Ha sottolineato il rischio di perdere conoscenze immateriali se gli artigiani non vengono sostenuti anche come educatori, chiedendo un maggiore riconoscimento del quadro normativo del <em data-start=\"896\" data-end=\"915\">Maestro Artigiano<\/em>, che certifica i maestri come formatori ufficiali. <\/p><p data-start=\"2629\" data-end=\"2857\"><br data-start=\"985\" data-end=\"988\">\u2714\ufe0f <strong data-start=\"991\" data-end=\"1032\">Simone Palazzo<\/strong> <a href=\"https:\/\/www.madameflo.com\/\">(MadameFLO Academy)<\/a> ha presentato il suo approccio unico all\u2019insegnamento della sartoria storica. L\u2019accademia combina tutoraggio individuale e corsi in piccoli gruppi, unendo saperi tessili tradizionali e opportunit\u00e0 di formazione professionale. <\/p><p data-start=\"2629\" data-end=\"2857\"><br data-start=\"1248\" data-end=\"1251\">\u2714\ufe0f <strong data-start=\"1254\" data-end=\"1276\">Alexander Samsonov<\/strong>, sarto e designer, ha mostrato come la pratica artigianale contemporanea possa colmare il divario tra eccellenza tradizionale e mercati moderni, offrendo modelli di innovazione radicati nella tradizione.<\/p>\t\t\t\t\t\t\t\t<\/div>\n\t\t\t\t<\/div>\n\t\t<div class=\"elementor-element elementor-element-fc883b1 e-grid e-con-full e-con e-child\" data-id=\"fc883b1\" data-element_type=\"container\">\n\t\t\t\t<div class=\"elementor-element elementor-element-8f8698a elementor-widget elementor-widget-image\" data-id=\"8f8698a\" data-element_type=\"widget\" data-widget_type=\"image.default\">\n\t\t\t\t<div class=\"elementor-widget-container\">\n\t\t\t\t\t\t\t\t\t\t\t\t\t\t\t<img loading=\"lazy\" decoding=\"async\" width=\"800\" height=\"622\" src=\"https:\/\/projects.madineurope.eu\/bricks\/wp-content\/uploads\/sites\/15\/2025\/10\/Stefano-parrini-.png\" class=\"attachment-large size-large wp-image-927\" alt=\"\" srcset=\"https:\/\/projects.madineurope.eu\/bricks\/wp-content\/uploads\/sites\/15\/2025\/10\/Stefano-parrini-.png 900w, https:\/\/projects.madineurope.eu\/bricks\/wp-content\/uploads\/sites\/15\/2025\/10\/Stefano-parrini--300x233.png 300w, https:\/\/projects.madineurope.eu\/bricks\/wp-content\/uploads\/sites\/15\/2025\/10\/Stefano-parrini--768x597.png 768w\" sizes=\"(max-width: 800px) 100vw, 800px\" \/>\t\t\t\t\t\t\t\t\t\t\t\t\t\t\t<\/div>\n\t\t\t\t<\/div>\n\t\t\t\t<div class=\"elementor-element elementor-element-3e5de40 elementor-widget elementor-widget-image\" data-id=\"3e5de40\" data-element_type=\"widget\" data-widget_type=\"image.default\">\n\t\t\t\t<div class=\"elementor-widget-container\">\n\t\t\t\t\t\t\t\t\t\t\t\t\t\t\t<img loading=\"lazy\" decoding=\"async\" width=\"800\" height=\"622\" src=\"https:\/\/projects.madineurope.eu\/bricks\/wp-content\/uploads\/sites\/15\/2025\/10\/simone-madame-flo-1.png\" class=\"attachment-large size-large wp-image-931\" alt=\"\" srcset=\"https:\/\/projects.madineurope.eu\/bricks\/wp-content\/uploads\/sites\/15\/2025\/10\/simone-madame-flo-1.png 900w, https:\/\/projects.madineurope.eu\/bricks\/wp-content\/uploads\/sites\/15\/2025\/10\/simone-madame-flo-1-300x233.png 300w, https:\/\/projects.madineurope.eu\/bricks\/wp-content\/uploads\/sites\/15\/2025\/10\/simone-madame-flo-1-768x597.png 768w\" sizes=\"(max-width: 800px) 100vw, 800px\" \/>\t\t\t\t\t\t\t\t\t\t\t\t\t\t\t<\/div>\n\t\t\t\t<\/div>\n\t\t\t\t<div class=\"elementor-element elementor-element-a73bd7a elementor-widget elementor-widget-image\" data-id=\"a73bd7a\" data-element_type=\"widget\" data-widget_type=\"image.default\">\n\t\t\t\t<div class=\"elementor-widget-container\">\n\t\t\t\t\t\t\t\t\t\t\t\t\t\t\t<img loading=\"lazy\" decoding=\"async\" width=\"800\" height=\"622\" src=\"https:\/\/projects.madineurope.eu\/bricks\/wp-content\/uploads\/sites\/15\/2025\/10\/alexander-jeans-.png\" class=\"attachment-large size-large wp-image-919\" alt=\"\" srcset=\"https:\/\/projects.madineurope.eu\/bricks\/wp-content\/uploads\/sites\/15\/2025\/10\/alexander-jeans-.png 900w, https:\/\/projects.madineurope.eu\/bricks\/wp-content\/uploads\/sites\/15\/2025\/10\/alexander-jeans--300x233.png 300w, https:\/\/projects.madineurope.eu\/bricks\/wp-content\/uploads\/sites\/15\/2025\/10\/alexander-jeans--768x597.png 768w\" sizes=\"(max-width: 800px) 100vw, 800px\" \/>\t\t\t\t\t\t\t\t\t\t\t\t\t\t\t<\/div>\n\t\t\t\t<\/div>\n\t\t\t\t<\/div>\n\t\t\t\t<\/div>\n\t\t<div id=\"e-n-tab-content-2673444283\" role=\"tabpanel\" aria-labelledby=\"e-n-tab-title-2673444283\" data-tab-index=\"3\" style=\"--n-tabs-title-order: 3;\" class=\" elementor-element elementor-element-4192ded e-flex e-con-boxed e-con e-child\" data-id=\"4192ded\" data-element_type=\"container\">\n\t\t\t\t\t<div class=\"e-con-inner\">\n\t\t\t\t<div class=\"elementor-element elementor-element-b0a09cf elementor-widget elementor-widget-text-editor\" data-id=\"b0a09cf\" data-element_type=\"widget\" data-widget_type=\"text-editor.default\">\n\t\t\t\t<div class=\"elementor-widget-container\">\n\t\t\t\t\t\t\t\t\t<p data-start=\"2629\" data-end=\"2857\">\u2714\ufe0f <a href=\"https:\/\/kettariacademy.ge\/en\/home\/\">\n  <strong data-start=\"2121\" data-end=\"2140\">Kettari Academy<\/strong>\n<\/a>, rappresentata da Teo Jakeli, ha presentato corsi flessibili e pratici di ceramica e batik che uniscono competenze artigianali e conoscenze imprenditoriali, rafforzando l&#8217;indipendenza delle donne e dei gruppi vulnerabili.<\/p><p data-start=\"2629\" data-end=\"2857\"><br data-start=\"2335\" data-end=\"2338\">\u2714\ufe0f <strong data-start=\"2341\" data-end=\"2359\">\n  <a href=\"https:\/\/icomos.org.ge\/en\/main\">ICOMOS Georgia<\/a>\n<\/strong>, con <strong data-start=\"2366\" data-end=\"2387\">Nato Tsintsabadze<\/strong>, ha evidenziato come la formazione non formale nel restauro del patrimonio (malte in terra, conservazione del legno, strutture storiche) possa preservare conoscenze locali allineandole agli standard internazionali di conservazione<\/p>\t\t\t\t\t\t\t\t<\/div>\n\t\t\t\t<\/div>\n\t\t<div class=\"elementor-element elementor-element-13fb2d1 e-grid e-con-full e-con e-child\" data-id=\"13fb2d1\" data-element_type=\"container\">\n\t\t\t\t<div class=\"elementor-element elementor-element-117e485 elementor-widget elementor-widget-image\" data-id=\"117e485\" data-element_type=\"widget\" data-widget_type=\"image.default\">\n\t\t\t\t<div class=\"elementor-widget-container\">\n\t\t\t\t\t\t\t\t\t\t\t\t\t\t\t<img loading=\"lazy\" decoding=\"async\" width=\"800\" height=\"622\" src=\"https:\/\/projects.madineurope.eu\/bricks\/wp-content\/uploads\/sites\/15\/2025\/10\/icomos-georgia.png\" class=\"attachment-large size-large wp-image-955\" alt=\"\" srcset=\"https:\/\/projects.madineurope.eu\/bricks\/wp-content\/uploads\/sites\/15\/2025\/10\/icomos-georgia.png 900w, https:\/\/projects.madineurope.eu\/bricks\/wp-content\/uploads\/sites\/15\/2025\/10\/icomos-georgia-300x233.png 300w, https:\/\/projects.madineurope.eu\/bricks\/wp-content\/uploads\/sites\/15\/2025\/10\/icomos-georgia-768x597.png 768w\" sizes=\"(max-width: 800px) 100vw, 800px\" \/>\t\t\t\t\t\t\t\t\t\t\t\t\t\t\t<\/div>\n\t\t\t\t<\/div>\n\t\t\t\t<div class=\"elementor-element elementor-element-a875295 elementor-widget elementor-widget-image\" data-id=\"a875295\" data-element_type=\"widget\" data-widget_type=\"image.default\">\n\t\t\t\t<div class=\"elementor-widget-container\">\n\t\t\t\t\t\t\t\t\t\t\t\t\t\t\t<img loading=\"lazy\" decoding=\"async\" width=\"800\" height=\"622\" src=\"https:\/\/projects.madineurope.eu\/bricks\/wp-content\/uploads\/sites\/15\/2025\/10\/teona.png\" class=\"attachment-large size-large wp-image-951\" alt=\"\" srcset=\"https:\/\/projects.madineurope.eu\/bricks\/wp-content\/uploads\/sites\/15\/2025\/10\/teona.png 900w, https:\/\/projects.madineurope.eu\/bricks\/wp-content\/uploads\/sites\/15\/2025\/10\/teona-300x233.png 300w, https:\/\/projects.madineurope.eu\/bricks\/wp-content\/uploads\/sites\/15\/2025\/10\/teona-768x597.png 768w\" sizes=\"(max-width: 800px) 100vw, 800px\" \/>\t\t\t\t\t\t\t\t\t\t\t\t\t\t\t<\/div>\n\t\t\t\t<\/div>\n\t\t\t\t<\/div>\n\t\t\t\t\t<\/div>\n\t\t\t\t<\/div>\n\t\t<div id=\"e-n-tab-content-2673444284\" role=\"tabpanel\" aria-labelledby=\"e-n-tab-title-2673444284\" data-tab-index=\"4\" style=\"--n-tabs-title-order: 4;\" class=\" elementor-element elementor-element-de6bc05 e-con-full e-flex e-con e-child\" data-id=\"de6bc05\" data-element_type=\"container\">\n\t\t\t\t<div class=\"elementor-element elementor-element-2371c86 elementor-widget elementor-widget-text-editor\" data-id=\"2371c86\" data-element_type=\"widget\" data-widget_type=\"text-editor.default\">\n\t\t\t\t<div class=\"elementor-widget-container\">\n\t\t\t\t\t\t\t\t\t<p data-start=\"1500\" data-end=\"1790\">\u2714\ufe0f <strong data-start=\"2614\" data-end=\"2643\">Museo Nazionale di Danzica<\/strong> e <strong data-start=\"2652\" data-end=\"2686\">l\u2019Associazione degli Artisti Popolari (STL)<\/strong> hanno illustrato un ecosistema solido in cui musei, associazioni e artigiani collaborano per mantenere vive tradizioni come il ricamo e la ceramica della Casciubia.<\/p><p data-start=\"1500\" data-end=\"1790\"><br data-start=\"2837\" data-end=\"2840\">\u2714\ufe0f <strong data-start=\"2843\" data-end=\"2867\">Monika Wieczorkowska<\/strong> ed <strong data-start=\"2872\" data-end=\"2893\">El\u017cbieta \u017bu\u0142awska<\/strong> hanno condiviso i loro percorsi personali nella ceramica e nel ricamo, mostrando come l\u2019apprendimento non formale, integrato nelle reti comunitarie, porti sia al riconoscimento professionale e culturale.<\/p>\t\t\t\t\t\t\t\t<\/div>\n\t\t\t\t<\/div>\n\t\t<div class=\"elementor-element elementor-element-7c9ec6f e-grid e-con-full e-con e-child\" data-id=\"7c9ec6f\" data-element_type=\"container\">\n\t\t\t\t<div class=\"elementor-element elementor-element-12bdef2 elementor-widget elementor-widget-image\" data-id=\"12bdef2\" data-element_type=\"widget\" data-widget_type=\"image.default\">\n\t\t\t\t<div class=\"elementor-widget-container\">\n\t\t\t\t\t\t\t\t\t\t\t\t\t\t\t<img loading=\"lazy\" decoding=\"async\" width=\"800\" height=\"622\" src=\"https:\/\/projects.madineurope.eu\/bricks\/wp-content\/uploads\/sites\/15\/2025\/10\/anna-pl-2.png\" class=\"attachment-large size-large wp-image-947\" alt=\"\" srcset=\"https:\/\/projects.madineurope.eu\/bricks\/wp-content\/uploads\/sites\/15\/2025\/10\/anna-pl-2.png 900w, https:\/\/projects.madineurope.eu\/bricks\/wp-content\/uploads\/sites\/15\/2025\/10\/anna-pl-2-300x233.png 300w, https:\/\/projects.madineurope.eu\/bricks\/wp-content\/uploads\/sites\/15\/2025\/10\/anna-pl-2-768x597.png 768w\" sizes=\"(max-width: 800px) 100vw, 800px\" \/>\t\t\t\t\t\t\t\t\t\t\t\t\t\t\t<\/div>\n\t\t\t\t<\/div>\n\t\t\t\t<div class=\"elementor-element elementor-element-d3a92b7 elementor-widget elementor-widget-image\" data-id=\"d3a92b7\" data-element_type=\"widget\" data-widget_type=\"image.default\">\n\t\t\t\t<div class=\"elementor-widget-container\">\n\t\t\t\t\t\t\t\t\t\t\t\t\t\t\t<img loading=\"lazy\" decoding=\"async\" width=\"800\" height=\"622\" src=\"https:\/\/projects.madineurope.eu\/bricks\/wp-content\/uploads\/sites\/15\/2025\/10\/ula-pl-.png\" class=\"attachment-large size-large wp-image-943\" alt=\"\" srcset=\"https:\/\/projects.madineurope.eu\/bricks\/wp-content\/uploads\/sites\/15\/2025\/10\/ula-pl-.png 900w, https:\/\/projects.madineurope.eu\/bricks\/wp-content\/uploads\/sites\/15\/2025\/10\/ula-pl--300x233.png 300w, https:\/\/projects.madineurope.eu\/bricks\/wp-content\/uploads\/sites\/15\/2025\/10\/ula-pl--768x597.png 768w\" sizes=\"(max-width: 800px) 100vw, 800px\" \/>\t\t\t\t\t\t\t\t\t\t\t\t\t\t\t<\/div>\n\t\t\t\t<\/div>\n\t\t\t\t<\/div>\n\t\t\t\t<\/div>\n\t\t\t\t\t<\/div>\n\t\t<\/div>\n\t\t\t\t\t\t<\/div>\n\t\t\t\t<\/div>\n\t\t\t\t\t<\/div>\n\t\t\t\t<\/div>\n\t\t<div class=\"elementor-element elementor-element-2f2ca19 e-flex e-con-boxed e-con e-parent\" data-id=\"2f2ca19\" data-element_type=\"container\">\n\t\t\t\t\t<div class=\"e-con-inner\">\n\t\t\t\t<div class=\"elementor-element elementor-element-c8318bd elementor-widget elementor-widget-text-editor\" data-id=\"c8318bd\" data-element_type=\"widget\" data-widget_type=\"text-editor.default\">\n\t\t\t\t<div class=\"elementor-widget-container\">\n\t\t\t\t\t\t\t\t\t<p>La giornata si \u00e8 conclusa con un esercizio collettivo su Miro board, che ha invitato i partecipanti a progettare la bozza di un futuro programma europeo di educazione artigianale non formale. Le discussioni hanno rivelato bisogni comuni: maggiore visibilit\u00e0 e riconoscimento dei mestieri, sostegno alla formazione dei maestri artigiani, sistemi di certificazione transnazionali e spazi sostenibili dove l\u2019apprendimento possa prosperare. <\/p>\t\t\t\t\t\t\t\t<\/div>\n\t\t\t\t<\/div>\n\t\t\t\t\t<\/div>\n\t\t\t\t<\/div>\n\t\t<div class=\"elementor-element elementor-element-3f1ba41 e-flex e-con-boxed e-con e-parent\" data-id=\"3f1ba41\" data-element_type=\"container\">\n\t\t\t\t\t<div class=\"e-con-inner\">\n\t\t\t\t<div class=\"elementor-element elementor-element-45c776b elementor-widget elementor-widget-spacer\" data-id=\"45c776b\" data-element_type=\"widget\" data-widget_type=\"spacer.default\">\n\t\t\t\t<div class=\"elementor-widget-container\">\n\t\t\t\t\t\t\t<div class=\"elementor-spacer\">\n\t\t\t<div class=\"elementor-spacer-inner\"><\/div>\n\t\t<\/div>\n\t\t\t\t\t\t<\/div>\n\t\t\t\t<\/div>\n\t\t\t\t<div class=\"elementor-element elementor-element-3d51328 elementor-widget elementor-widget-heading\" data-id=\"3d51328\" data-element_type=\"widget\" data-widget_type=\"heading.default\">\n\t\t\t\t<div class=\"elementor-widget-container\">\n\t\t\t\t\t<h2 class=\"elementor-heading-title elementor-size-default\">Giorno 3: Coinvolgimento del pubblico e visibilit\u00e0 europea<\/h2>\t\t\t\t<\/div>\n\t\t\t\t<\/div>\n\t\t\t\t<div class=\"elementor-element elementor-element-83497ff elementor-widget elementor-widget-text-editor\" data-id=\"83497ff\" data-element_type=\"widget\" data-widget_type=\"text-editor.default\">\n\t\t\t\t<div class=\"elementor-widget-container\">\n\t\t\t\t\t\t\t\t\t<p>Il terzo e ultimo giorno ha segnato un passaggio decisivo: dallo scambio interno tra partner al dialogo pubblico con istituzioni, decisori politici e comunit\u00e0 artigianale.<\/p>\t\t\t\t\t\t\t\t<\/div>\n\t\t\t\t<\/div>\n\t\t\t\t\t<\/div>\n\t\t\t\t<\/div>\n\t\t<div class=\"elementor-element elementor-element-e6f6e5a e-flex e-con-boxed e-con e-parent\" data-id=\"e6f6e5a\" data-element_type=\"container\">\n\t\t\t\t\t<div class=\"e-con-inner\">\n\t\t<div class=\"elementor-element elementor-element-af03dfe e-con-full e-flex e-con e-child\" data-id=\"af03dfe\" data-element_type=\"container\">\n\t\t\t\t<div class=\"elementor-element elementor-element-8c9134a elementor-widget__width-initial elementor-widget elementor-widget-text-editor\" data-id=\"8c9134a\" data-element_type=\"widget\" data-widget_type=\"text-editor.default\">\n\t\t\t\t<div class=\"elementor-widget-container\">\n\t\t\t\t\t\t\t\t\t<p>La mattina \u00e8 iniziata con una riunione interna di coordinamento, per poi entrare nel vivo di<strong>\n  <a href=\"https:\/\/www.artigianatoepalazzo.it\/\"> Artigianato e Palazzo<\/a>\n<\/strong>, dove i partner di BRICKS hanno rivisto le lezioni apprese durante le tre visite di studio (Polonia, Georgia e Italia).<\/p><p>Insieme hanno delineato i prossimi passi verso le raccomandazioni politiche finali del progetto, tra cui: rafforzare i sistemi di riconoscimento, sostenere i maestri artigiani come educatori e promuovere certificazioni oltreconfine.<\/p><p>La visibilit\u00e0 del progetto \u00e8 stata ulteriormente rafforzata durante la <strong data-start=\"135\" data-end=\"155\">cerimonia di apertura<\/strong> della fiera, quando <strong data-start=\"163\" data-end=\"186\">Elisa Guidi (ARTEX<\/strong>) ha presentato ufficialmente BRICKS insieme a rappresentanti istituzionali come il sindaco di Firenze, i membri della famiglia Corsini e il presidente della Camera di Commercio di Firenze. Il loro riconoscimento ha sottolineato l\u2019importanza crescente dell\u2019educazione non formale nelle politiche culturali e nello sviluppo locale. <\/p>\t\t\t\t\t\t\t\t<\/div>\n\t\t\t\t<\/div>\n\t\t\t\t<div class=\"elementor-element elementor-element-a8030c7 elementor-widget__width-initial elementor-arrows-position-inside elementor-invisible elementor-widget elementor-widget-image-carousel\" data-id=\"a8030c7\" data-element_type=\"widget\" data-settings=\"{&quot;slides_to_show&quot;:&quot;1&quot;,&quot;navigation&quot;:&quot;arrows&quot;,&quot;_animation&quot;:&quot;fadeInLeft&quot;,&quot;autoplay&quot;:&quot;yes&quot;,&quot;pause_on_hover&quot;:&quot;yes&quot;,&quot;pause_on_interaction&quot;:&quot;yes&quot;,&quot;autoplay_speed&quot;:5000,&quot;infinite&quot;:&quot;yes&quot;,&quot;effect&quot;:&quot;slide&quot;,&quot;speed&quot;:500}\" data-widget_type=\"image-carousel.default\">\n\t\t\t\t<div class=\"elementor-widget-container\">\n\t\t\t\t\t\t\t<div class=\"elementor-image-carousel-wrapper swiper\" role=\"region\" aria-roledescription=\"carousel\" aria-label=\"Image Carousel\" dir=\"ltr\">\n\t\t\t<div class=\"elementor-image-carousel swiper-wrapper\" aria-live=\"off\">\n\t\t\t\t\t\t\t\t<div class=\"swiper-slide\" role=\"group\" aria-roledescription=\"slide\" aria-label=\"1 di 3\"><figure class=\"swiper-slide-inner\"><img decoding=\"async\" class=\"swiper-slide-image\" src=\"https:\/\/projects.madineurope.eu\/bricks\/wp-content\/uploads\/sites\/15\/2025\/10\/Artigianato-e-palazzo-group-.png\" alt=\"Artigianato e palazzo group\" \/><\/figure><\/div><div class=\"swiper-slide\" role=\"group\" aria-roledescription=\"slide\" aria-label=\"2 di 3\"><figure class=\"swiper-slide-inner\"><img decoding=\"async\" class=\"swiper-slide-image\" src=\"https:\/\/projects.madineurope.eu\/bricks\/wp-content\/uploads\/sites\/15\/2025\/10\/ap-working-in-the-morning-.png\" alt=\"a&amp;p working in the morning\" \/><\/figure><\/div><div class=\"swiper-slide\" role=\"group\" aria-roledescription=\"slide\" aria-label=\"3 di 3\"><figure class=\"swiper-slide-inner\"><img decoding=\"async\" class=\"swiper-slide-image\" src=\"https:\/\/projects.madineurope.eu\/bricks\/wp-content\/uploads\/sites\/15\/2025\/10\/ap-opening-.png\" alt=\"a&amp;p opening\" \/><\/figure><\/div>\t\t\t<\/div>\n\t\t\t\t\t\t\t\t\t\t\t\t<div class=\"elementor-swiper-button elementor-swiper-button-prev\" role=\"button\" tabindex=\"0\">\n\t\t\t\t\t\t<svg aria-hidden=\"true\" class=\"e-font-icon-svg e-eicon-chevron-left\" viewBox=\"0 0 1000 1000\" xmlns=\"http:\/\/www.w3.org\/2000\/svg\"><path d=\"M646 125C629 125 613 133 604 142L308 442C296 454 292 471 292 487 292 504 296 521 308 533L604 854C617 867 629 875 646 875 663 875 679 871 692 858 704 846 713 829 713 812 713 796 708 779 692 767L438 487 692 225C700 217 708 204 708 187 708 171 704 154 692 142 675 129 663 125 646 125Z\"><\/path><\/svg>\t\t\t\t\t<\/div>\n\t\t\t\t\t<div class=\"elementor-swiper-button elementor-swiper-button-next\" role=\"button\" tabindex=\"0\">\n\t\t\t\t\t\t<svg aria-hidden=\"true\" class=\"e-font-icon-svg e-eicon-chevron-right\" viewBox=\"0 0 1000 1000\" xmlns=\"http:\/\/www.w3.org\/2000\/svg\"><path d=\"M696 533C708 521 713 504 713 487 713 471 708 454 696 446L400 146C388 133 375 125 354 125 338 125 325 129 313 142 300 154 292 171 292 187 292 204 296 221 308 233L563 492 304 771C292 783 288 800 288 817 288 833 296 850 308 863 321 871 338 875 354 875 371 875 388 867 400 854L696 533Z\"><\/path><\/svg>\t\t\t\t\t<\/div>\n\t\t\t\t\n\t\t\t\t\t\t\t\t\t<\/div>\n\t\t\t\t\t\t<\/div>\n\t\t\t\t<\/div>\n\t\t\t\t<\/div>\n\t\t\t\t\t<\/div>\n\t\t\t\t<\/div>\n\t\t<div class=\"elementor-element elementor-element-af1285a e-flex e-con-boxed e-con e-parent\" data-id=\"af1285a\" data-element_type=\"container\">\n\t\t\t\t\t<div class=\"e-con-inner\">\n\t\t\t\t<div class=\"elementor-element elementor-element-2bbc25c elementor-widget elementor-widget-spacer\" data-id=\"2bbc25c\" data-element_type=\"widget\" data-widget_type=\"spacer.default\">\n\t\t\t\t<div class=\"elementor-widget-container\">\n\t\t\t\t\t\t\t<div class=\"elementor-spacer\">\n\t\t\t<div class=\"elementor-spacer-inner\"><\/div>\n\t\t<\/div>\n\t\t\t\t\t\t<\/div>\n\t\t\t\t<\/div>\n\t\t\t\t\t<\/div>\n\t\t\t\t<\/div>\n\t\t<div class=\"elementor-element elementor-element-35a44d9 e-flex e-con-boxed e-con e-parent\" data-id=\"35a44d9\" data-element_type=\"container\">\n\t\t\t\t\t<div class=\"e-con-inner\">\n\t\t<div class=\"elementor-element elementor-element-7fdc42a e-con-full e-flex e-con e-child\" data-id=\"7fdc42a\" data-element_type=\"container\">\n\t\t\t\t<div class=\"elementor-element elementor-element-e472caa elementor-widget__width-initial elementor-arrows-position-inside elementor-invisible elementor-widget elementor-widget-image-carousel\" data-id=\"e472caa\" data-element_type=\"widget\" data-settings=\"{&quot;slides_to_show&quot;:&quot;1&quot;,&quot;navigation&quot;:&quot;arrows&quot;,&quot;_animation&quot;:&quot;fadeInRight&quot;,&quot;autoplay&quot;:&quot;yes&quot;,&quot;pause_on_hover&quot;:&quot;yes&quot;,&quot;pause_on_interaction&quot;:&quot;yes&quot;,&quot;autoplay_speed&quot;:5000,&quot;infinite&quot;:&quot;yes&quot;,&quot;effect&quot;:&quot;slide&quot;,&quot;speed&quot;:500}\" data-widget_type=\"image-carousel.default\">\n\t\t\t\t<div class=\"elementor-widget-container\">\n\t\t\t\t\t\t\t<div class=\"elementor-image-carousel-wrapper swiper\" role=\"region\" aria-roledescription=\"carousel\" aria-label=\"conference Carousel\" dir=\"ltr\">\n\t\t\t<div class=\"elementor-image-carousel swiper-wrapper\" aria-live=\"off\">\n\t\t\t\t\t\t\t\t<div class=\"swiper-slide\" role=\"group\" aria-roledescription=\"slide\" aria-label=\"1 di 3\"><figure class=\"swiper-slide-inner\"><img decoding=\"async\" class=\"swiper-slide-image\" src=\"https:\/\/projects.madineurope.eu\/bricks\/wp-content\/uploads\/sites\/15\/2025\/10\/ap-flyer.png\" alt=\"a&amp;p flyer\" \/><\/figure><\/div><div class=\"swiper-slide\" role=\"group\" aria-roledescription=\"slide\" aria-label=\"2 di 3\"><figure class=\"swiper-slide-inner\"><img decoding=\"async\" class=\"swiper-slide-image\" src=\"https:\/\/projects.madineurope.eu\/bricks\/wp-content\/uploads\/sites\/15\/2025\/10\/ap-conference-1.png\" alt=\"a&amp;p conference (1)\" \/><\/figure><\/div><div class=\"swiper-slide\" role=\"group\" aria-roledescription=\"slide\" aria-label=\"3 di 3\"><figure class=\"swiper-slide-inner\"><img decoding=\"async\" class=\"swiper-slide-image\" src=\"https:\/\/projects.madineurope.eu\/bricks\/wp-content\/uploads\/sites\/15\/2025\/10\/ap-conference.png\" alt=\"a&amp;p conference\" \/><\/figure><\/div>\t\t\t<\/div>\n\t\t\t\t\t\t\t\t\t\t\t\t<div class=\"elementor-swiper-button elementor-swiper-button-prev\" role=\"button\" tabindex=\"0\">\n\t\t\t\t\t\t<svg aria-hidden=\"true\" class=\"e-font-icon-svg e-eicon-chevron-left\" viewBox=\"0 0 1000 1000\" xmlns=\"http:\/\/www.w3.org\/2000\/svg\"><path d=\"M646 125C629 125 613 133 604 142L308 442C296 454 292 471 292 487 292 504 296 521 308 533L604 854C617 867 629 875 646 875 663 875 679 871 692 858 704 846 713 829 713 812 713 796 708 779 692 767L438 487 692 225C700 217 708 204 708 187 708 171 704 154 692 142 675 129 663 125 646 125Z\"><\/path><\/svg>\t\t\t\t\t<\/div>\n\t\t\t\t\t<div class=\"elementor-swiper-button elementor-swiper-button-next\" role=\"button\" tabindex=\"0\">\n\t\t\t\t\t\t<svg aria-hidden=\"true\" class=\"e-font-icon-svg e-eicon-chevron-right\" viewBox=\"0 0 1000 1000\" xmlns=\"http:\/\/www.w3.org\/2000\/svg\"><path d=\"M696 533C708 521 713 504 713 487 713 471 708 454 696 446L400 146C388 133 375 125 354 125 338 125 325 129 313 142 300 154 292 171 292 187 292 204 296 221 308 233L563 492 304 771C292 783 288 800 288 817 288 833 296 850 308 863 321 871 338 875 354 875 371 875 388 867 400 854L696 533Z\"><\/path><\/svg>\t\t\t\t\t<\/div>\n\t\t\t\t\n\t\t\t\t\t\t\t\t\t<\/div>\n\t\t\t\t\t\t<\/div>\n\t\t\t\t<\/div>\n\t\t\t\t<div class=\"elementor-element elementor-element-cfaad70 elementor-widget__width-initial elementor-widget elementor-widget-text-editor\" data-id=\"cfaad70\" data-element_type=\"widget\" data-widget_type=\"text-editor.default\">\n\t\t\t\t<div class=\"elementor-widget-container\">\n\t\t\t\t\t\t\t\t\t<p>I partner hanno organizzato una conferenza dedicata, \u201c<strong data-start=\"1175\" data-end=\"1244\">Il Progetto BRICKS e l\u2019Educazione Non Formale per i Mestieri d\u2019Arte<\/strong>\u201d, moderata da <strong data-start=\"1259\" data-end=\"1282\">Elisa Guidi (ARTEX<\/strong>), con interventi di <strong data-start=\"1308\" data-end=\"1344\">Madina Benvenuti (Mad\u2019in Europe)<\/strong>, <strong data-start=\"1346\" data-end=\"1368\">Alessandro Colombo<\/strong> ed <strong data-start=\"1374\" data-end=\"1395\">Elena Baistrocchi<\/strong>.<\/p><p>Puoi guardare l&#8217;intera conferenza <a href=\"https:\/\/www.youtube.com\/watch?v=NkDo9E2gmQ8\">\n  <strong>qui<\/strong>\n<\/a>.<\/p><p>Il panel ha esplorato come l\u2019educazione non formale nell\u2019artigianato supporti la trasmissione dei saperi, incoraggi l\u2019innovazione e crei percorsi di carriera sostenibili per le nuove generazioni di artigiani. Sono state condivise riflessioni dalle tre visite di studio, offrendo al pubblico esempi concreti da Italia, Georgia e Polonia. <\/p>\t\t\t\t\t\t\t\t<\/div>\n\t\t\t\t<\/div>\n\t\t\t\t<\/div>\n\t\t\t\t\t<\/div>\n\t\t\t\t<\/div>\n\t\t<div class=\"elementor-element elementor-element-3773987 e-flex e-con-boxed e-con e-parent\" data-id=\"3773987\" data-element_type=\"container\">\n\t\t\t\t\t<div class=\"e-con-inner\">\n\t\t\t\t<div class=\"elementor-element elementor-element-6d54737 elementor-widget elementor-widget-spacer\" data-id=\"6d54737\" data-element_type=\"widget\" data-widget_type=\"spacer.default\">\n\t\t\t\t<div class=\"elementor-widget-container\">\n\t\t\t\t\t\t\t<div class=\"elementor-spacer\">\n\t\t\t<div class=\"elementor-spacer-inner\"><\/div>\n\t\t<\/div>\n\t\t\t\t\t\t<\/div>\n\t\t\t\t<\/div>\n\t\t\t\t\t<\/div>\n\t\t\t\t<\/div>\n\t\t<div class=\"elementor-element elementor-element-cbac7ac e-flex e-con-boxed e-con e-parent\" data-id=\"cbac7ac\" data-element_type=\"container\">\n\t\t\t\t\t<div class=\"e-con-inner\">\n\t\t\t\t<div class=\"elementor-element elementor-element-34df880 elementor-widget elementor-widget-text-editor\" data-id=\"34df880\" data-element_type=\"widget\" data-widget_type=\"text-editor.default\">\n\t\t\t\t<div class=\"elementor-widget-container\">\n\t\t\t\t\t\t\t\t\t<p data-start=\"2080\" data-end=\"2597\">Oltre al programma ufficiale, i partner hanno dialogato direttamente con gli artigiani presenti in fiera. Molti di loro gi\u00e0 agivano come educatori informali, insegnando ad apprendisti o guidando giovani creativi. Le conversazioni hanno evidenziato opportunit\u00e0 e ostacoli: sebbene molti artigiani siano desiderosi di trasmettere le proprie competenze, spesso mancano di riconoscimento istituzionale, sostegno economico o formazione pedagogica. Questi scambi hanno arricchito la comprensione del progetto sulle realt\u00e0 concrete della trasmissione artigianale.   <\/p>\t\t\t\t\t\t\t\t<\/div>\n\t\t\t\t<\/div>\n\t\t\t\t\t<\/div>\n\t\t\t\t<\/div>\n\t\t<div class=\"elementor-element elementor-element-b697827 e-flex e-con-boxed e-con e-parent\" data-id=\"b697827\" data-element_type=\"container\">\n\t\t\t\t\t<div class=\"e-con-inner\">\n\t\t\t\t<div class=\"elementor-element elementor-element-395687b elementor-widget elementor-widget-gallery\" data-id=\"395687b\" data-element_type=\"widget\" data-settings=\"{&quot;columns&quot;:&quot;3&quot;,&quot;gap&quot;:{&quot;unit&quot;:&quot;px&quot;,&quot;size&quot;:&quot;20&quot;,&quot;sizes&quot;:[]},&quot;lazyload&quot;:&quot;yes&quot;,&quot;gallery_layout&quot;:&quot;grid&quot;,&quot;columns_tablet&quot;:2,&quot;columns_mobile&quot;:1,&quot;gap_tablet&quot;:{&quot;unit&quot;:&quot;px&quot;,&quot;size&quot;:10,&quot;sizes&quot;:[]},&quot;gap_mobile&quot;:{&quot;unit&quot;:&quot;px&quot;,&quot;size&quot;:10,&quot;sizes&quot;:[]},&quot;link_to&quot;:&quot;file&quot;,&quot;aspect_ratio&quot;:&quot;3:2&quot;,&quot;overlay_background&quot;:&quot;yes&quot;,&quot;content_hover_animation&quot;:&quot;fade-in&quot;}\" data-widget_type=\"gallery.default\">\n\t\t\t\t<div class=\"elementor-widget-container\">\n\t\t\t\t\t\t\t<div class=\"elementor-gallery__container\">\n\t\t\t\t\t\t\t<a class=\"e-gallery-item elementor-gallery-item elementor-animated-content\" href=\"https:\/\/projects.madineurope.eu\/bricks\/wp-content\/uploads\/sites\/15\/2025\/10\/ap-sculpture.png\" data-elementor-open-lightbox=\"yes\" data-elementor-lightbox-slideshow=\"395687b\" data-elementor-lightbox-title=\"a&amp;p sculpture\" data-e-action-hash=\"#elementor-action%3Aaction%3Dlightbox%26settings%3DeyJpZCI6OTg3LCJ1cmwiOiJodHRwczpcL1wvcHJvamVjdHMubWFkaW5ldXJvcGUuZXVcL2JyaWNrc1wvd3AtY29udGVudFwvdXBsb2Fkc1wvc2l0ZXNcLzE1XC8yMDI1XC8xMFwvYXAtc2N1bHB0dXJlLnBuZyIsInNsaWRlc2hvdyI6IjM5NTY4N2IifQ%3D%3D\">\n\t\t\t\t\t<div class=\"e-gallery-image elementor-gallery-item__image\" data-thumbnail=\"https:\/\/projects.madineurope.eu\/bricks\/wp-content\/uploads\/sites\/15\/2025\/10\/ap-sculpture.png\" data-width=\"800\" data-height=\"622\" aria-label=\"\" role=\"img\" ><\/div>\n\t\t\t\t\t\t\t\t\t\t\t<div class=\"elementor-gallery-item__overlay\"><\/div>\n\t\t\t\t\t\t\t\t\t\t\t\t\t\t<\/a>\n\t\t\t\t\t\t\t<a class=\"e-gallery-item elementor-gallery-item elementor-animated-content\" href=\"https:\/\/projects.madineurope.eu\/bricks\/wp-content\/uploads\/sites\/15\/2025\/10\/ap-basket.png\" data-elementor-open-lightbox=\"yes\" data-elementor-lightbox-slideshow=\"395687b\" data-elementor-lightbox-title=\"a&amp;p basket\" data-e-action-hash=\"#elementor-action%3Aaction%3Dlightbox%26settings%3DeyJpZCI6OTkxLCJ1cmwiOiJodHRwczpcL1wvcHJvamVjdHMubWFkaW5ldXJvcGUuZXVcL2JyaWNrc1wvd3AtY29udGVudFwvdXBsb2Fkc1wvc2l0ZXNcLzE1XC8yMDI1XC8xMFwvYXAtYmFza2V0LnBuZyIsInNsaWRlc2hvdyI6IjM5NTY4N2IifQ%3D%3D\">\n\t\t\t\t\t<div class=\"e-gallery-image elementor-gallery-item__image\" data-thumbnail=\"https:\/\/projects.madineurope.eu\/bricks\/wp-content\/uploads\/sites\/15\/2025\/10\/ap-basket.png\" data-width=\"800\" data-height=\"622\" aria-label=\"\" role=\"img\" ><\/div>\n\t\t\t\t\t\t\t\t\t\t\t<div class=\"elementor-gallery-item__overlay\"><\/div>\n\t\t\t\t\t\t\t\t\t\t\t\t\t\t<\/a>\n\t\t\t\t\t\t\t<a class=\"e-gallery-item elementor-gallery-item elementor-animated-content\" href=\"https:\/\/projects.madineurope.eu\/bricks\/wp-content\/uploads\/sites\/15\/2025\/10\/ap-artex-space-.png\" data-elementor-open-lightbox=\"yes\" data-elementor-lightbox-slideshow=\"395687b\" data-elementor-lightbox-title=\"a&amp;p artex space\" data-e-action-hash=\"#elementor-action%3Aaction%3Dlightbox%26settings%3DeyJpZCI6OTk1LCJ1cmwiOiJodHRwczpcL1wvcHJvamVjdHMubWFkaW5ldXJvcGUuZXVcL2JyaWNrc1wvd3AtY29udGVudFwvdXBsb2Fkc1wvc2l0ZXNcLzE1XC8yMDI1XC8xMFwvYXAtYXJ0ZXgtc3BhY2UtLnBuZyIsInNsaWRlc2hvdyI6IjM5NTY4N2IifQ%3D%3D\">\n\t\t\t\t\t<div class=\"e-gallery-image elementor-gallery-item__image\" data-thumbnail=\"https:\/\/projects.madineurope.eu\/bricks\/wp-content\/uploads\/sites\/15\/2025\/10\/ap-artex-space-.png\" data-width=\"800\" data-height=\"622\" aria-label=\"\" role=\"img\" ><\/div>\n\t\t\t\t\t\t\t\t\t\t\t<div class=\"elementor-gallery-item__overlay\"><\/div>\n\t\t\t\t\t\t\t\t\t\t\t\t\t\t<\/a>\n\t\t\t\t\t\t\t<a class=\"e-gallery-item elementor-gallery-item elementor-animated-content\" href=\"https:\/\/projects.madineurope.eu\/bricks\/wp-content\/uploads\/sites\/15\/2025\/10\/ap-cereamic-pink-.png\" data-elementor-open-lightbox=\"yes\" data-elementor-lightbox-slideshow=\"395687b\" data-elementor-lightbox-title=\"a&amp;p cereamic pink\" data-e-action-hash=\"#elementor-action%3Aaction%3Dlightbox%26settings%3DeyJpZCI6OTk5LCJ1cmwiOiJodHRwczpcL1wvcHJvamVjdHMubWFkaW5ldXJvcGUuZXVcL2JyaWNrc1wvd3AtY29udGVudFwvdXBsb2Fkc1wvc2l0ZXNcLzE1XC8yMDI1XC8xMFwvYXAtY2VyZWFtaWMtcGluay0ucG5nIiwic2xpZGVzaG93IjoiMzk1Njg3YiJ9\">\n\t\t\t\t\t<div class=\"e-gallery-image elementor-gallery-item__image\" data-thumbnail=\"https:\/\/projects.madineurope.eu\/bricks\/wp-content\/uploads\/sites\/15\/2025\/10\/ap-cereamic-pink-.png\" data-width=\"800\" data-height=\"622\" aria-label=\"\" role=\"img\" ><\/div>\n\t\t\t\t\t\t\t\t\t\t\t<div class=\"elementor-gallery-item__overlay\"><\/div>\n\t\t\t\t\t\t\t\t\t\t\t\t\t\t<\/a>\n\t\t\t\t\t\t\t<a class=\"e-gallery-item elementor-gallery-item elementor-animated-content\" href=\"https:\/\/projects.madineurope.eu\/bricks\/wp-content\/uploads\/sites\/15\/2025\/10\/ap-hearts-.png\" data-elementor-open-lightbox=\"yes\" data-elementor-lightbox-slideshow=\"395687b\" data-elementor-lightbox-title=\"a&amp;p hearts\" data-e-action-hash=\"#elementor-action%3Aaction%3Dlightbox%26settings%3DeyJpZCI6MTAwMywidXJsIjoiaHR0cHM6XC9cL3Byb2plY3RzLm1hZGluZXVyb3BlLmV1XC9icmlja3NcL3dwLWNvbnRlbnRcL3VwbG9hZHNcL3NpdGVzXC8xNVwvMjAyNVwvMTBcL2FwLWhlYXJ0cy0ucG5nIiwic2xpZGVzaG93IjoiMzk1Njg3YiJ9\">\n\t\t\t\t\t<div class=\"e-gallery-image elementor-gallery-item__image\" data-thumbnail=\"https:\/\/projects.madineurope.eu\/bricks\/wp-content\/uploads\/sites\/15\/2025\/10\/ap-hearts-.png\" data-width=\"800\" data-height=\"622\" aria-label=\"\" role=\"img\" ><\/div>\n\t\t\t\t\t\t\t\t\t\t\t<div class=\"elementor-gallery-item__overlay\"><\/div>\n\t\t\t\t\t\t\t\t\t\t\t\t\t\t<\/a>\n\t\t\t\t\t\t\t<a class=\"e-gallery-item elementor-gallery-item elementor-animated-content\" href=\"https:\/\/projects.madineurope.eu\/bricks\/wp-content\/uploads\/sites\/15\/2025\/10\/ap-bulgary.png\" data-elementor-open-lightbox=\"yes\" data-elementor-lightbox-slideshow=\"395687b\" data-elementor-lightbox-title=\"a&amp;p bulgary\" data-e-action-hash=\"#elementor-action%3Aaction%3Dlightbox%26settings%3DeyJpZCI6MTAwNywidXJsIjoiaHR0cHM6XC9cL3Byb2plY3RzLm1hZGluZXVyb3BlLmV1XC9icmlja3NcL3dwLWNvbnRlbnRcL3VwbG9hZHNcL3NpdGVzXC8xNVwvMjAyNVwvMTBcL2FwLWJ1bGdhcnkucG5nIiwic2xpZGVzaG93IjoiMzk1Njg3YiJ9\">\n\t\t\t\t\t<div class=\"e-gallery-image elementor-gallery-item__image\" data-thumbnail=\"https:\/\/projects.madineurope.eu\/bricks\/wp-content\/uploads\/sites\/15\/2025\/10\/ap-bulgary.png\" data-width=\"800\" data-height=\"622\" aria-label=\"\" role=\"img\" ><\/div>\n\t\t\t\t\t\t\t\t\t\t\t<div class=\"elementor-gallery-item__overlay\"><\/div>\n\t\t\t\t\t\t\t\t\t\t\t\t\t\t<\/a>\n\t\t\t\t\t<\/div>\n\t\t\t\t\t<\/div>\n\t\t\t\t<\/div>\n\t\t\t\t\t<\/div>\n\t\t\t\t<\/div>\n\t\t<div class=\"elementor-element elementor-element-a978041 e-flex e-con-boxed e-con e-parent\" data-id=\"a978041\" data-element_type=\"container\">\n\t\t\t\t\t<div class=\"e-con-inner\">\n\t\t\t\t<div class=\"elementor-element elementor-element-fa2d2df elementor-widget elementor-widget-spacer\" data-id=\"fa2d2df\" data-element_type=\"widget\" data-widget_type=\"spacer.default\">\n\t\t\t\t<div class=\"elementor-widget-container\">\n\t\t\t\t\t\t\t<div class=\"elementor-spacer\">\n\t\t\t<div class=\"elementor-spacer-inner\"><\/div>\n\t\t<\/div>\n\t\t\t\t\t\t<\/div>\n\t\t\t\t<\/div>\n\t\t\t\t<div class=\"elementor-element elementor-element-799a8ea elementor-blockquote--skin-border elementor-blockquote--button-color-official elementor-invisible elementor-widget elementor-widget-blockquote\" data-id=\"799a8ea\" data-element_type=\"widget\" data-settings=\"{&quot;_animation&quot;:&quot;fadeInDown&quot;}\" data-widget_type=\"blockquote.default\">\n\t\t\t\t<div class=\"elementor-widget-container\">\n\t\t\t\t\t\t\t<blockquote class=\"elementor-blockquote\">\n\t\t\t<p class=\"elementor-blockquote__content\">\n\t\t\t\tEntrando nello spazio di grande visibilit\u00e0 di Artigianato e Palazzo, BRICKS \u00e8 andato oltre il suo consorzio, posizionandosi al centro di un dialogo europeo pi\u00f9 ampio. La visita italiana non ha solo chiuso un ciclo di lavoro sul campo, ma ha anche posto le basi per trasformare gli apprendimenti in proposte politiche concrete, assicurando che l\u2019educazione artigianale non formale venga riconosciuta come motore vitale di continuit\u00e0 culturale, innovazione e futuri sostenibili. \t\t\t<\/p>\n\t\t\t\t\t<\/blockquote>\n\t\t\t\t\t\t<\/div>\n\t\t\t\t<\/div>\n\t\t\t\t<div class=\"elementor-element elementor-element-cb0ddbf elementor-widget elementor-widget-spacer\" data-id=\"cb0ddbf\" data-element_type=\"widget\" data-widget_type=\"spacer.default\">\n\t\t\t\t<div class=\"elementor-widget-container\">\n\t\t\t\t\t\t\t<div class=\"elementor-spacer\">\n\t\t\t<div class=\"elementor-spacer-inner\"><\/div>\n\t\t<\/div>\n\t\t\t\t\t\t<\/div>\n\t\t\t\t<\/div>\n\t\t\t\t\t<\/div>\n\t\t\t\t<\/div>\n\t\t\t\t<\/div>\n\t\t","protected":false},"excerpt":{"rendered":"<p>Educazione non formale al centro: dal patrimonio all\u2019innovazione Nel settembre 2025, il progetto BRICKS ha organizzato la sua terza e ultima visita di studio a Firenze e Montelupo Fiorentino, Italia. Nel corso di tre giorni, partner, educatori e artigiani hanno esplorato come l\u2019educazione non formale possa sostenere la trasmissione del sapere artigianale, collegandosi al tempo [&hellip;]<\/p>\n","protected":false},"author":13,"featured_media":0,"parent":0,"menu_order":0,"comment_status":"closed","ping_status":"closed","template":"","meta":{"footnotes":""},"class_list":["post-1047","page","type-page","status-publish","hentry"],"_links":{"self":[{"href":"https:\/\/projects.madineurope.eu\/bricks\/it\/wp-json\/wp\/v2\/pages\/1047","targetHints":{"allow":["GET"]}}],"collection":[{"href":"https:\/\/projects.madineurope.eu\/bricks\/it\/wp-json\/wp\/v2\/pages"}],"about":[{"href":"https:\/\/projects.madineurope.eu\/bricks\/it\/wp-json\/wp\/v2\/types\/page"}],"author":[{"embeddable":true,"href":"https:\/\/projects.madineurope.eu\/bricks\/it\/wp-json\/wp\/v2\/users\/13"}],"replies":[{"embeddable":true,"href":"https:\/\/projects.madineurope.eu\/bricks\/it\/wp-json\/wp\/v2\/comments?post=1047"}],"version-history":[{"count":2,"href":"https:\/\/projects.madineurope.eu\/bricks\/it\/wp-json\/wp\/v2\/pages\/1047\/revisions"}],"predecessor-version":[{"id":1049,"href":"https:\/\/projects.madineurope.eu\/bricks\/it\/wp-json\/wp\/v2\/pages\/1047\/revisions\/1049"}],"wp:attachment":[{"href":"https:\/\/projects.madineurope.eu\/bricks\/it\/wp-json\/wp\/v2\/media?parent=1047"}],"curies":[{"name":"wp","href":"https:\/\/api.w.org\/{rel}","templated":true}]}}