{"id":612,"date":"2025-04-14T16:50:51","date_gmt":"2025-04-14T14:50:51","guid":{"rendered":"https:\/\/projects.madineurope.eu\/bricks\/visite-detude-en-pologne\/"},"modified":"2025-09-09T12:12:03","modified_gmt":"2025-09-09T10:12:03","slug":"visite-detude-en-pologne","status":"publish","type":"page","link":"https:\/\/projects.madineurope.eu\/bricks\/fr\/visite-detude-en-pologne\/","title":{"rendered":"Visite d&rsquo;\u00e9tude en Pologne"},"content":{"rendered":"\t\t<div data-elementor-type=\"wp-page\" data-elementor-id=\"612\" class=\"elementor elementor-612 elementor-353\" data-elementor-post-type=\"page\">\n\t\t\t\t<div class=\"elementor-element elementor-element-d874b31 e-flex e-con-boxed e-con e-parent\" data-id=\"d874b31\" data-element_type=\"container\">\n\t\t\t\t\t<div class=\"e-con-inner\">\n\t\t\t\t<div class=\"elementor-element elementor-element-4b6cb29 elementor-widget elementor-widget-heading\" data-id=\"4b6cb29\" data-element_type=\"widget\" data-widget_type=\"heading.default\">\n\t\t\t\t<div class=\"elementor-widget-container\">\n\t\t\t\t\t<h2 class=\"elementor-heading-title elementor-size-default\">\u00c9ducation non-formelle : o\u00f9 la tradition rencontre la transmission<\/h2>\t\t\t\t<\/div>\n\t\t\t\t<\/div>\n\t\t\t\t\t<\/div>\n\t\t\t\t<\/div>\n\t\t<div class=\"elementor-element elementor-element-2728392 e-flex e-con-boxed e-con e-parent\" data-id=\"2728392\" data-element_type=\"container\">\n\t\t\t\t\t<div class=\"e-con-inner\">\n\t\t\t\t<div class=\"elementor-element elementor-element-1c568b0 elementor-widget__width-initial elementor-widget-mobile__width-initial elementor-widget elementor-widget-text-editor\" data-id=\"1c568b0\" data-element_type=\"widget\" data-widget_type=\"text-editor.default\">\n\t\t\t\t<div class=\"elementor-widget-container\">\n\t\t\t\t\t\t\t\t\t<p data-start=\"319\" data-end=\"607\">L&rsquo;\u00e9ducation non formelle est souvent n\u00e9glig\u00e9e \u2014 pourtant, elle joue un r\u00f4le essentiel dans la pr\u00e9servation du patrimoine culturel, le soutien \u00e0 l&rsquo;apprentissage des adultes et la transmission de savoir-faire que les syst\u00e8mes formels conservent rarement. Elle est ancr\u00e9e dans les communaut\u00e9s, guid\u00e9e par l&rsquo;exp\u00e9rience et port\u00e9e par l&rsquo;\u00e9change interg\u00e9n\u00e9rationnel. <\/p>\n<p data-start=\"609\" data-end=\"966\">En <b>avril 2025<\/b>, le projet BRICKS a lanc\u00e9 sa premi\u00e8re visite d\u2019\u00e9tude \u00e0 <b>Gda\u0144sk, en Pologne<\/b>, afin d\u2019explorer cette dimension essentielle mais peu reconnue de l\u2019\u00e9ducation. Pendant trois jours, des participants venus de toute l\u2019Europe ont rencontr\u00e9 des artisans, des \u00e9ducateurs et des institutions qui fa\u00e7onnent l\u2019avenir de l\u2019apprentissage des m\u00e9tiers \u2014 non pas \u00e0 travers des programmes acad\u00e9miques, mais par la pratique v\u00e9cue. <\/p>\n<p data-start=\"968\" data-end=\"1215\">Cette visite a marqu\u00e9 le d\u00e9but d\u2019une r\u00e9flexion approfondie : comment pouvons-nous renforcer, soutenir et valoriser l\u2019\u00e9ducation non formelle dans le secteur de l\u2019artisanat ? Et comment ce mod\u00e8le d\u2019apprentissage peut-il contribuer \u00e0 une Europe plus inclusive, durable et riche culturellement ? <\/p>\t\t\t\t\t\t\t\t<\/div>\n\t\t\t\t<\/div>\n\t\t\t\t<div class=\"elementor-element elementor-element-2811961 elementor-invisible elementor-widget elementor-widget-image\" data-id=\"2811961\" data-element_type=\"widget\" data-settings=\"{&quot;_animation&quot;:&quot;fadeInLeft&quot;}\" data-widget_type=\"image.default\">\n\t\t\t\t<div class=\"elementor-widget-container\">\n\t\t\t\t\t\t\t\t\t\t\t\t\t\t\t<img fetchpriority=\"high\" decoding=\"async\" width=\"800\" height=\"622\" src=\"https:\/\/projects.madineurope.eu\/bricks\/wp-content\/uploads\/sites\/15\/2025\/09\/BRICKS_seesion_1.gif\" class=\"attachment-large size-large wp-image-813\" alt=\"\" \/>\t\t\t\t\t\t\t\t\t\t\t\t\t\t\t<\/div>\n\t\t\t\t<\/div>\n\t\t\t\t\t<\/div>\n\t\t\t\t<\/div>\n\t\t<div class=\"elementor-element elementor-element-1733860 e-flex e-con-boxed e-con e-parent\" data-id=\"1733860\" data-element_type=\"container\">\n\t\t\t\t\t<div class=\"e-con-inner\">\n\t\t\t\t<div class=\"elementor-element elementor-element-739b9f8 elementor-widget elementor-widget-spacer\" data-id=\"739b9f8\" data-element_type=\"widget\" data-widget_type=\"spacer.default\">\n\t\t\t\t<div class=\"elementor-widget-container\">\n\t\t\t\t\t\t\t<div class=\"elementor-spacer\">\n\t\t\t<div class=\"elementor-spacer-inner\"><\/div>\n\t\t<\/div>\n\t\t\t\t\t\t<\/div>\n\t\t\t\t<\/div>\n\t\t\t\t<div class=\"elementor-element elementor-element-857df04 elementor-blockquote--skin-border elementor-blockquote--button-color-official elementor-widget elementor-widget-blockquote\" data-id=\"857df04\" data-element_type=\"widget\" data-widget_type=\"blockquote.default\">\n\t\t\t\t<div class=\"elementor-widget-container\">\n\t\t\t\t\t\t\t<blockquote class=\"elementor-blockquote\">\n\t\t\t<p class=\"elementor-blockquote__content\">\n\t\t\t\tL'artisanat ne concerne pas uniquement les mains \u2014 il s'agit de c\u0153ur, d'identit\u00e9 et de r\u00e9silience. \t\t\t<\/p>\n\t\t\t\t\t\t\t<div class=\"e-q-footer\">\n\t\t\t\t\t\t\t\t\t\t\t<cite class=\"elementor-blockquote__author\">Tamar Kapanadze, Georgia (paraphrased)<\/cite>\n\t\t\t\t\t\t\t\t\t\t\t\t\t\t<\/div>\n\t\t\t\t\t<\/blockquote>\n\t\t\t\t\t\t<\/div>\n\t\t\t\t<\/div>\n\t\t\t\t<div class=\"elementor-element elementor-element-c7f3f32 elementor-widget elementor-widget-spacer\" data-id=\"c7f3f32\" data-element_type=\"widget\" data-widget_type=\"spacer.default\">\n\t\t\t\t<div class=\"elementor-widget-container\">\n\t\t\t\t\t\t\t<div class=\"elementor-spacer\">\n\t\t\t<div class=\"elementor-spacer-inner\"><\/div>\n\t\t<\/div>\n\t\t\t\t\t\t<\/div>\n\t\t\t\t<\/div>\n\t\t\t\t\t<\/div>\n\t\t\t\t<\/div>\n\t\t<div class=\"elementor-element elementor-element-02551c9 e-flex e-con-boxed e-con e-parent\" data-id=\"02551c9\" data-element_type=\"container\">\n\t\t\t\t\t<div class=\"e-con-inner\">\n\t\t\t\t<div class=\"elementor-element elementor-element-b1324ea elementor-widget__width-initial elementor-widget-tablet__width-initial elementor-invisible elementor-widget elementor-widget-image\" data-id=\"b1324ea\" data-element_type=\"widget\" data-settings=\"{&quot;_animation&quot;:&quot;fadeInRight&quot;}\" data-widget_type=\"image.default\">\n\t\t\t\t<div class=\"elementor-widget-container\">\n\t\t\t\t\t\t\t\t\t\t\t\t\t\t\t<img decoding=\"async\" width=\"900\" height=\"700\" src=\"https:\/\/projects.madineurope.eu\/bricks\/wp-content\/uploads\/sites\/15\/2025\/06\/Museum-building.jpg\" class=\"attachment-full size-full wp-image-583\" alt=\"\" srcset=\"https:\/\/projects.madineurope.eu\/bricks\/wp-content\/uploads\/sites\/15\/2025\/06\/Museum-building.jpg 900w, https:\/\/projects.madineurope.eu\/bricks\/wp-content\/uploads\/sites\/15\/2025\/06\/Museum-building-300x233.jpg 300w, https:\/\/projects.madineurope.eu\/bricks\/wp-content\/uploads\/sites\/15\/2025\/06\/Museum-building-768x597.jpg 768w\" sizes=\"(max-width: 900px) 100vw, 900px\" \/>\t\t\t\t\t\t\t\t\t\t\t\t\t\t\t<\/div>\n\t\t\t\t<\/div>\n\t\t<div class=\"elementor-element elementor-element-8aa9242 e-con-full e-flex e-con e-child\" data-id=\"8aa9242\" data-element_type=\"container\">\n\t\t\t\t<div class=\"elementor-element elementor-element-3f66c84 elementor-widget elementor-widget-heading\" data-id=\"3f66c84\" data-element_type=\"widget\" data-widget_type=\"heading.default\">\n\t\t\t\t<div class=\"elementor-widget-container\">\n\t\t\t\t\t<h2 class=\"elementor-heading-title elementor-size-default\">Voix de Gda\u0144sk : R\u00e9flexions sur l\u2019artisanat et l\u2019apprentissage<\/h2>\t\t\t\t<\/div>\n\t\t\t\t<\/div>\n\t\t\t\t<div class=\"elementor-element elementor-element-4aee498 elementor-widget elementor-widget-text-editor\" data-id=\"4aee498\" data-element_type=\"widget\" data-widget_type=\"text-editor.default\">\n\t\t\t\t<div class=\"elementor-widget-container\">\n\t\t\t\t\t\t\t\t\t<p data-start=\"234\" data-end=\"555\">La visite d\u2019\u00e9tude BRICKS \u00e0 Gda\u0144sk a offert bien plus qu\u2019une simple introduction aux pratiques locales \u2014 elle a r\u00e9v\u00e9l\u00e9 la richesse et la diversit\u00e9 de l\u2019\u00e9ducation non formelle \u00e0 travers les cultures. Ci-dessous, les participant\u00b7es partagent leurs r\u00e9flexions, soulignant l\u2019importance de pr\u00e9server et de professionnaliser les savoirs artisanaux gr\u00e2ce \u00e0 un apprentissage ancr\u00e9 dans les communaut\u00e9s. <\/p>\t\t\t\t\t\t\t\t<\/div>\n\t\t\t\t<\/div>\n\t\t\t\t<\/div>\n\t\t\t\t\t<\/div>\n\t\t\t\t<\/div>\n\t\t<div class=\"elementor-element elementor-element-6478803 e-flex e-con-boxed e-con e-parent\" data-id=\"6478803\" data-element_type=\"container\">\n\t\t\t\t\t<div class=\"e-con-inner\">\n\t\t\t\t<div class=\"elementor-element elementor-element-d09dbe3 elementor-widget elementor-widget-spacer\" data-id=\"d09dbe3\" data-element_type=\"widget\" data-widget_type=\"spacer.default\">\n\t\t\t\t<div class=\"elementor-widget-container\">\n\t\t\t\t\t\t\t<div class=\"elementor-spacer\">\n\t\t\t<div class=\"elementor-spacer-inner\"><\/div>\n\t\t<\/div>\n\t\t\t\t\t\t<\/div>\n\t\t\t\t<\/div>\n\t\t\t\t\t<\/div>\n\t\t\t\t<\/div>\n\t\t<div class=\"elementor-element elementor-element-17c73b3 e-flex e-con-boxed e-con e-parent\" data-id=\"17c73b3\" data-element_type=\"container\">\n\t\t\t\t\t<div class=\"e-con-inner\">\n\t\t<div class=\"elementor-element elementor-element-6053f0e e-con-full e-flex e-con e-child\" data-id=\"6053f0e\" data-element_type=\"container\">\n\t\t\t\t<div class=\"elementor-element elementor-element-cbf4b27 elementor-widget elementor-widget-heading\" data-id=\"cbf4b27\" data-element_type=\"widget\" data-widget_type=\"heading.default\">\n\t\t\t\t<div class=\"elementor-widget-container\">\n\t\t\t\t\t<h2 class=\"elementor-heading-title elementor-size-default\">Le savoir en pratique : un h\u00e9ritage en argile<\/h2>\t\t\t\t<\/div>\n\t\t\t\t<\/div>\n\t\t\t\t<div class=\"elementor-element elementor-element-595be89 elementor-widget elementor-widget-text-editor\" data-id=\"595be89\" data-element_type=\"widget\" data-widget_type=\"text-editor.default\">\n\t\t\t\t<div class=\"elementor-widget-container\">\n\t\t\t\t\t\t\t\t\t<p>Au sein de <a href=\"https:\/\/www.necel.pl\/\"><strong data-start=\"697\" data-end=\"721\">l\u2019atelier de poterie Necel<\/strong><\/a> \u00e0 Chmielno, les visiteurs ont pu observer la continuit\u00e9 d\u2019un savoir transmis depuis dix g\u00e9n\u00e9rations. Au-del\u00e0 de la ma\u00eetrise technique, l\u2019atelier incarne une forme d\u2019\u00e9ducation ancestrale, fond\u00e9e sur l\u2019apprentissage et enracin\u00e9e dans la communaut\u00e9. <\/p>\t\t\t\t\t\t\t\t<\/div>\n\t\t\t\t<\/div>\n\t\t\t\t<div class=\"elementor-element elementor-element-1cc0fa1 elementor-blockquote--skin-border elementor-blockquote--button-color-official elementor-widget elementor-widget-blockquote\" data-id=\"1cc0fa1\" data-element_type=\"widget\" data-widget_type=\"blockquote.default\">\n\t\t\t\t<div class=\"elementor-widget-container\">\n\t\t\t\t\t\t\t<blockquote class=\"elementor-blockquote\">\n\t\t\t<p class=\"elementor-blockquote__content\">\n\t\t\t\tNous ne pr\u00e9servons pas seulement des techniques \u2014 nous faisons vivre des identit\u00e9s fa\u00e7onn\u00e9es au fil des si\u00e8cles.\t\t\t<\/p>\n\t\t\t\t\t\t\t<div class=\"e-q-footer\">\n\t\t\t\t\t\t\t\t\t\t\t<cite class=\"elementor-blockquote__author\">Participant reflection<\/cite>\n\t\t\t\t\t\t\t\t\t\t\t\t\t\t<\/div>\n\t\t\t\t\t<\/blockquote>\n\t\t\t\t\t\t<\/div>\n\t\t\t\t<\/div>\n\t\t\t\t<\/div>\n\t\t\t\t<div class=\"elementor-element elementor-element-e5c6ccf elementor-invisible elementor-widget elementor-widget-image\" data-id=\"e5c6ccf\" data-element_type=\"widget\" data-settings=\"{&quot;_animation&quot;:&quot;fadeInLeft&quot;}\" data-widget_type=\"image.default\">\n\t\t\t\t<div class=\"elementor-widget-container\">\n\t\t\t\t\t\t\t\t\t\t\t\t\t\t\t<img decoding=\"async\" width=\"800\" height=\"622\" src=\"https:\/\/projects.madineurope.eu\/bricks\/wp-content\/uploads\/sites\/15\/2025\/06\/nesel-fam-.jpg\" class=\"attachment-large size-large wp-image-586\" alt=\"\" srcset=\"https:\/\/projects.madineurope.eu\/bricks\/wp-content\/uploads\/sites\/15\/2025\/06\/nesel-fam-.jpg 900w, https:\/\/projects.madineurope.eu\/bricks\/wp-content\/uploads\/sites\/15\/2025\/06\/nesel-fam--300x233.jpg 300w, https:\/\/projects.madineurope.eu\/bricks\/wp-content\/uploads\/sites\/15\/2025\/06\/nesel-fam--768x597.jpg 768w\" sizes=\"(max-width: 800px) 100vw, 800px\" \/>\t\t\t\t\t\t\t\t\t\t\t\t\t\t\t<\/div>\n\t\t\t\t<\/div>\n\t\t\t\t\t<\/div>\n\t\t\t\t<\/div>\n\t\t<div class=\"elementor-element elementor-element-ec14c32 e-flex e-con-boxed e-con e-parent\" data-id=\"ec14c32\" data-element_type=\"container\">\n\t\t\t\t\t<div class=\"e-con-inner\">\n\t\t\t\t<div class=\"elementor-element elementor-element-c010b10 elementor-widget elementor-widget-spacer\" data-id=\"c010b10\" data-element_type=\"widget\" data-widget_type=\"spacer.default\">\n\t\t\t\t<div class=\"elementor-widget-container\">\n\t\t\t\t\t\t\t<div class=\"elementor-spacer\">\n\t\t\t<div class=\"elementor-spacer-inner\"><\/div>\n\t\t<\/div>\n\t\t\t\t\t\t<\/div>\n\t\t\t\t<\/div>\n\t\t\t\t\t<\/div>\n\t\t\t\t<\/div>\n\t\t<div class=\"elementor-element elementor-element-323527b e-flex e-con-boxed e-con e-parent\" data-id=\"323527b\" data-element_type=\"container\">\n\t\t\t\t\t<div class=\"e-con-inner\">\n\t\t\t\t<div class=\"elementor-element elementor-element-2d03756 elementor-invisible elementor-widget elementor-widget-image\" data-id=\"2d03756\" data-element_type=\"widget\" data-settings=\"{&quot;_animation&quot;:&quot;fadeInRight&quot;}\" data-widget_type=\"image.default\">\n\t\t\t\t<div class=\"elementor-widget-container\">\n\t\t\t\t\t\t\t\t\t\t\t\t\t\t\t<img loading=\"lazy\" decoding=\"async\" width=\"800\" height=\"622\" src=\"https:\/\/projects.madineurope.eu\/bricks\/wp-content\/uploads\/sites\/15\/2025\/06\/embroidery-elwbieta-1.jpg\" class=\"attachment-large size-large wp-image-589\" alt=\"\" srcset=\"https:\/\/projects.madineurope.eu\/bricks\/wp-content\/uploads\/sites\/15\/2025\/06\/embroidery-elwbieta-1.jpg 900w, https:\/\/projects.madineurope.eu\/bricks\/wp-content\/uploads\/sites\/15\/2025\/06\/embroidery-elwbieta-1-300x233.jpg 300w, https:\/\/projects.madineurope.eu\/bricks\/wp-content\/uploads\/sites\/15\/2025\/06\/embroidery-elwbieta-1-768x597.jpg 768w\" sizes=\"(max-width: 800px) 100vw, 800px\" \/>\t\t\t\t\t\t\t\t\t\t\t\t\t\t\t<\/div>\n\t\t\t\t<\/div>\n\t\t<div class=\"elementor-element elementor-element-7658ff3 e-con-full e-flex e-con e-child\" data-id=\"7658ff3\" data-element_type=\"container\">\n\t\t\t\t<div class=\"elementor-element elementor-element-3549a6e elementor-widget elementor-widget-heading\" data-id=\"3549a6e\" data-element_type=\"widget\" data-widget_type=\"heading.default\">\n\t\t\t\t<div class=\"elementor-widget-container\">\n\t\t\t\t\t<h2 class=\"elementor-heading-title elementor-size-default\">Le sens d\u2019un point : la broderie kachoube<\/h2>\t\t\t\t<\/div>\n\t\t\t\t<\/div>\n\t\t\t\t<div class=\"elementor-element elementor-element-ce8ee11 elementor-widget elementor-widget-text-editor\" data-id=\"ce8ee11\" data-element_type=\"widget\" data-widget_type=\"text-editor.default\">\n\t\t\t\t<div class=\"elementor-widget-container\">\n\t\t\t\t\t\t\t\t\t<p>Lors d\u2019une des sessions au Mus\u00e9e national de Gda\u0144sk, la ma\u00eetre brodeuse <strong data-start=\"1197\" data-end=\"1218\">El\u017cbieta \u017bu\u0142awska<\/strong> a partag\u00e9 son parcours personnel dans l\u2019univers de la broderie kachoube \u2014 un art r\u00e9gional riche en symboles et en traditions.<\/p>\t\t\t\t\t\t\t\t<\/div>\n\t\t\t\t<\/div>\n\t\t\t\t<div class=\"elementor-element elementor-element-911454a elementor-blockquote--skin-border elementor-blockquote--button-color-official elementor-widget elementor-widget-blockquote\" data-id=\"911454a\" data-element_type=\"widget\" data-widget_type=\"blockquote.default\">\n\t\t\t\t<div class=\"elementor-widget-container\">\n\t\t\t\t\t\t\t<blockquote class=\"elementor-blockquote\">\n\t\t\t<p class=\"elementor-blockquote__content\">\n\t\t\t\tJ\u2019ai commenc\u00e9 \u00e0 20 ans. Avec le temps, j\u2019ai compris que ces points ne portent pas seulement des couleurs \u2014 ils portent la m\u00e9moire, la fiert\u00e9 et un mode de vie. \t\t\t<\/p>\n\t\t\t\t\t\t\t<div class=\"e-q-footer\">\n\t\t\t\t\t\t\t\t\t\t\t<cite class=\"elementor-blockquote__author\"> El\u017cbieta \u017bu\u0142awska, Poland (paraphrased)<\/cite>\n\t\t\t\t\t\t\t\t\t\t\t\t\t\t<\/div>\n\t\t\t\t\t<\/blockquote>\n\t\t\t\t\t\t<\/div>\n\t\t\t\t<\/div>\n\t\t\t\t<\/div>\n\t\t\t\t\t<\/div>\n\t\t\t\t<\/div>\n\t\t<div class=\"elementor-element elementor-element-70f4494 e-flex e-con-boxed e-con e-parent\" data-id=\"70f4494\" data-element_type=\"container\">\n\t\t\t\t\t<div class=\"e-con-inner\">\n\t\t\t\t<div class=\"elementor-element elementor-element-dbbf966 elementor-widget elementor-widget-spacer\" data-id=\"dbbf966\" data-element_type=\"widget\" data-widget_type=\"spacer.default\">\n\t\t\t\t<div class=\"elementor-widget-container\">\n\t\t\t\t\t\t\t<div class=\"elementor-spacer\">\n\t\t\t<div class=\"elementor-spacer-inner\"><\/div>\n\t\t<\/div>\n\t\t\t\t\t\t<\/div>\n\t\t\t\t<\/div>\n\t\t\t\t\t<\/div>\n\t\t\t\t<\/div>\n\t\t<div class=\"elementor-element elementor-element-ff60a44 e-flex e-con-boxed e-con e-parent\" data-id=\"ff60a44\" data-element_type=\"container\">\n\t\t\t\t\t<div class=\"e-con-inner\">\n\t\t<div class=\"elementor-element elementor-element-a2114d5 e-con-full e-flex e-con e-child\" data-id=\"a2114d5\" data-element_type=\"container\">\n\t\t\t\t<div class=\"elementor-element elementor-element-80b8f5a elementor-widget elementor-widget-heading\" data-id=\"80b8f5a\" data-element_type=\"widget\" data-widget_type=\"heading.default\">\n\t\t\t\t<div class=\"elementor-widget-container\">\n\t\t\t\t\t<h2 class=\"elementor-heading-title elementor-size-default\"> L\u2019apprentissage non formel comme infrastructure culturelle<\/h2>\t\t\t\t<\/div>\n\t\t\t\t<\/div>\n\t\t\t\t<div class=\"elementor-element elementor-element-74256aa elementor-widget elementor-widget-text-editor\" data-id=\"74256aa\" data-element_type=\"widget\" data-widget_type=\"text-editor.default\">\n\t\t\t\t<div class=\"elementor-widget-container\">\n\t\t\t\t\t\t\t\t\t<p>\u00c0 l\u2019<a href=\"https:\/\/kul.org.pl\/the-kashubian-folk-high-school-kfhs\/\"><strong data-start=\"1889\" data-end=\"1918\">Universit\u00e9 populaire kachoube <\/strong><\/a>de Szymbark, les participant\u00b7es ont d\u00e9couvert une approche holistique de l\u2019\u00e9ducation des adultes \u2014 un lieu o\u00f9 tradition, inclusion et d\u00e9veloppement personnel se rejoignent.<\/p>\t\t\t\t\t\t\t\t<\/div>\n\t\t\t\t<\/div>\n\t\t\t\t<div class=\"elementor-element elementor-element-76601eb elementor-blockquote--skin-border elementor-blockquote--button-color-official elementor-widget elementor-widget-blockquote\" data-id=\"76601eb\" data-element_type=\"widget\" data-widget_type=\"blockquote.default\">\n\t\t\t\t<div class=\"elementor-widget-container\">\n\t\t\t\t\t\t\t<blockquote class=\"elementor-blockquote\">\n\t\t\t<p class=\"elementor-blockquote__content\">\n\t\t\t\tCe type d'\u00e9ducation est comme bien public \u2014 \u00e0 l\u2019\u00e9coute des communaut\u00e9s, affranchie des syst\u00e8mes rigides, et ancr\u00e9e dans la r\u00e9alit\u00e9.\t\t\t<\/p>\n\t\t\t\t\t\t\t<div class=\"e-q-footer\">\n\t\t\t\t\t\t\t\t\t\t\t<cite class=\"elementor-blockquote__author\">S\u00e9bastien Mainil, Belgium (paraphrased from report)<\/cite>\n\t\t\t\t\t\t\t\t\t\t\t\t\t\t<\/div>\n\t\t\t\t\t<\/blockquote>\n\t\t\t\t\t\t<\/div>\n\t\t\t\t<\/div>\n\t\t\t\t<div class=\"elementor-element elementor-element-ff92d09 elementor-align-center elementor-invisible elementor-widget elementor-widget-button\" data-id=\"ff92d09\" data-element_type=\"widget\" data-settings=\"{&quot;_animation&quot;:&quot;fadeInDown&quot;}\" data-widget_type=\"button.default\">\n\t\t\t\t<div class=\"elementor-widget-container\">\n\t\t\t\t\t\t\t\t\t<div class=\"elementor-button-wrapper\">\n\t\t\t\t\t<a class=\"elementor-button elementor-button-link elementor-size-sm\" href=\"https:\/\/kul.org.pl\/the-kashubian-folk-high-school-kfhs\/\">\n\t\t\t\t\t\t<span class=\"elementor-button-content-wrapper\">\n\t\t\t\t\t\t\t\t\t<span class=\"elementor-button-text\">En savoir plus sur l\u2019Universit\u00e9 populaire kachoube<\/span>\n\t\t\t\t\t<\/span>\n\t\t\t\t\t<\/a>\n\t\t\t\t<\/div>\n\t\t\t\t\t\t\t\t<\/div>\n\t\t\t\t<\/div>\n\t\t\t\t<\/div>\n\t\t\t\t<div class=\"elementor-element elementor-element-7c7acb2 elementor-arrows-position-inside elementor-invisible elementor-widget elementor-widget-image-carousel\" data-id=\"7c7acb2\" data-element_type=\"widget\" data-settings=\"{&quot;slides_to_show&quot;:&quot;1&quot;,&quot;navigation&quot;:&quot;arrows&quot;,&quot;_animation&quot;:&quot;fadeInLeft&quot;,&quot;autoplay&quot;:&quot;yes&quot;,&quot;pause_on_hover&quot;:&quot;yes&quot;,&quot;pause_on_interaction&quot;:&quot;yes&quot;,&quot;autoplay_speed&quot;:5000,&quot;infinite&quot;:&quot;yes&quot;,&quot;effect&quot;:&quot;slide&quot;,&quot;speed&quot;:500}\" data-widget_type=\"image-carousel.default\">\n\t\t\t\t<div class=\"elementor-widget-container\">\n\t\t\t\t\t\t\t<div class=\"elementor-image-carousel-wrapper swiper\" role=\"region\" aria-roledescription=\"carousel\" aria-label=\"Image Carousel\" dir=\"ltr\">\n\t\t\t<div class=\"elementor-image-carousel swiper-wrapper\" aria-live=\"off\">\n\t\t\t\t\t\t\t\t<div class=\"swiper-slide\" role=\"group\" aria-roledescription=\"slide\" aria-label=\"1 sur 4\"><figure class=\"swiper-slide-inner\"><img decoding=\"async\" class=\"swiper-slide-image\" src=\"https:\/\/projects.madineurope.eu\/bricks\/wp-content\/uploads\/sites\/15\/2025\/06\/team-making-flowers-folk-.jpg\" alt=\"team making flowers folk\" \/><\/figure><\/div><div class=\"swiper-slide\" role=\"group\" aria-roledescription=\"slide\" aria-label=\"2 sur 4\"><figure class=\"swiper-slide-inner\"><img decoding=\"async\" class=\"swiper-slide-image\" src=\"https:\/\/projects.madineurope.eu\/bricks\/wp-content\/uploads\/sites\/15\/2025\/06\/papillon-folk-1.jpg\" alt=\"papillon folk (1)\" \/><\/figure><\/div><div class=\"swiper-slide\" role=\"group\" aria-roledescription=\"slide\" aria-label=\"3 sur 4\"><figure class=\"swiper-slide-inner\"><img decoding=\"async\" class=\"swiper-slide-image\" src=\"https:\/\/projects.madineurope.eu\/bricks\/wp-content\/uploads\/sites\/15\/2025\/06\/statue-folk.jpg\" alt=\"statue folk\" \/><\/figure><\/div><div class=\"swiper-slide\" role=\"group\" aria-roledescription=\"slide\" aria-label=\"4 sur 4\"><figure class=\"swiper-slide-inner\"><img decoding=\"async\" class=\"swiper-slide-image\" src=\"https:\/\/projects.madineurope.eu\/bricks\/wp-content\/uploads\/sites\/15\/2025\/06\/embroidery-folk-1.jpg\" alt=\"embroidery folk (1)\" \/><\/figure><\/div>\t\t\t<\/div>\n\t\t\t\t\t\t\t\t\t\t\t\t<div class=\"elementor-swiper-button elementor-swiper-button-prev\" role=\"button\" tabindex=\"0\">\n\t\t\t\t\t\t<svg aria-hidden=\"true\" class=\"e-font-icon-svg e-eicon-chevron-left\" viewBox=\"0 0 1000 1000\" xmlns=\"http:\/\/www.w3.org\/2000\/svg\"><path d=\"M646 125C629 125 613 133 604 142L308 442C296 454 292 471 292 487 292 504 296 521 308 533L604 854C617 867 629 875 646 875 663 875 679 871 692 858 704 846 713 829 713 812 713 796 708 779 692 767L438 487 692 225C700 217 708 204 708 187 708 171 704 154 692 142 675 129 663 125 646 125Z\"><\/path><\/svg>\t\t\t\t\t<\/div>\n\t\t\t\t\t<div class=\"elementor-swiper-button elementor-swiper-button-next\" role=\"button\" tabindex=\"0\">\n\t\t\t\t\t\t<svg aria-hidden=\"true\" class=\"e-font-icon-svg e-eicon-chevron-right\" viewBox=\"0 0 1000 1000\" xmlns=\"http:\/\/www.w3.org\/2000\/svg\"><path d=\"M696 533C708 521 713 504 713 487 713 471 708 454 696 446L400 146C388 133 375 125 354 125 338 125 325 129 313 142 300 154 292 171 292 187 292 204 296 221 308 233L563 492 304 771C292 783 288 800 288 817 288 833 296 850 308 863 321 871 338 875 354 875 371 875 388 867 400 854L696 533Z\"><\/path><\/svg>\t\t\t\t\t<\/div>\n\t\t\t\t\n\t\t\t\t\t\t\t\t\t<\/div>\n\t\t\t\t\t\t<\/div>\n\t\t\t\t<\/div>\n\t\t\t\t\t<\/div>\n\t\t\t\t<\/div>\n\t\t<div class=\"elementor-element elementor-element-c1804b2 e-flex e-con-boxed e-con e-parent\" data-id=\"c1804b2\" data-element_type=\"container\">\n\t\t\t\t\t<div class=\"e-con-inner\">\n\t\t\t\t<div class=\"elementor-element elementor-element-c1b9051 elementor-widget elementor-widget-spacer\" data-id=\"c1b9051\" data-element_type=\"widget\" data-widget_type=\"spacer.default\">\n\t\t\t\t<div class=\"elementor-widget-container\">\n\t\t\t\t\t\t\t<div class=\"elementor-spacer\">\n\t\t\t<div class=\"elementor-spacer-inner\"><\/div>\n\t\t<\/div>\n\t\t\t\t\t\t<\/div>\n\t\t\t\t<\/div>\n\t\t\t\t\t<\/div>\n\t\t\t\t<\/div>\n\t\t<div class=\"elementor-element elementor-element-9d42929 e-flex e-con-boxed e-con e-parent\" data-id=\"9d42929\" data-element_type=\"container\">\n\t\t\t\t\t<div class=\"e-con-inner\">\n\t\t<div class=\"elementor-element elementor-element-e48dced e-con-full e-flex e-con e-child\" data-id=\"e48dced\" data-element_type=\"container\">\n\t\t\t\t<div class=\"elementor-element elementor-element-8a0dd9e elementor-widget elementor-widget-heading\" data-id=\"8a0dd9e\" data-element_type=\"widget\" data-widget_type=\"heading.default\">\n\t\t\t\t<div class=\"elementor-widget-container\">\n\t\t\t\t\t<h2 class=\"elementor-heading-title elementor-size-default\">D\u00e9fis et engagements<\/h2>\t\t\t\t<\/div>\n\t\t\t\t<\/div>\n\t\t\t\t<div class=\"elementor-element elementor-element-c510375 elementor-widget elementor-widget-text-editor\" data-id=\"c510375\" data-element_type=\"widget\" data-widget_type=\"text-editor.default\">\n\t\t\t\t<div class=\"elementor-widget-container\">\n\t\t\t\t\t\t\t\t\t<p>Lors de la visite, une inqui\u00e9tude revenait souvent : comment assurer la continuit\u00e9 de l\u2019\u00e9ducation non formelle face au manque de financement, \u00e0 l&rsquo;absence de reconnaissance et \u00e0 la baisse d\u2019int\u00e9r\u00eat des jeunes g\u00e9n\u00e9rations ? Pourtant, les participant\u00b7es sont reparti\u00b7es avec un \u00e9lan renouvel\u00e9. <\/p>\t\t\t\t\t\t\t\t<\/div>\n\t\t\t\t<\/div>\n\t\t\t\t<div class=\"elementor-element elementor-element-81f8fb6 elementor-blockquote--skin-border elementor-blockquote--button-color-official elementor-widget elementor-widget-blockquote\" data-id=\"81f8fb6\" data-element_type=\"widget\" data-widget_type=\"blockquote.default\">\n\t\t\t\t<div class=\"elementor-widget-container\">\n\t\t\t\t\t\t\t<blockquote class=\"elementor-blockquote\">\n\t\t\t<p class=\"elementor-blockquote__content\">\n\t\t\t\tL\u2019innovation doit commencer par le respect des traditions \u2014 et par le soutien \u00e0 celles et ceux qui les font vivre.\t\t\t<\/p>\n\t\t\t\t\t\t\t<div class=\"e-q-footer\">\n\t\t\t\t\t\t\t\t\t\t\t<cite class=\"elementor-blockquote__author\">Tamar Kapanadze, Georgia (paraphrased)<\/cite>\n\t\t\t\t\t\t\t\t\t\t\t\t\t\t<\/div>\n\t\t\t\t\t<\/blockquote>\n\t\t\t\t\t\t<\/div>\n\t\t\t\t<\/div>\n\t\t\t\t<div class=\"elementor-element elementor-element-e059e66 elementor-blockquote--skin-border elementor-blockquote--button-color-official elementor-widget elementor-widget-blockquote\" data-id=\"e059e66\" data-element_type=\"widget\" data-widget_type=\"blockquote.default\">\n\t\t\t\t<div class=\"elementor-widget-container\">\n\t\t\t\t\t\t\t<blockquote class=\"elementor-blockquote\">\n\t\t\t<p class=\"elementor-blockquote__content\">\n\t\t\t\tLa transmission de l\u2019artisanat ne peut pas reposer uniquement sur la passion. Elle a besoin de structure, de reconnaissance et de soutien. \t\t\t<\/p>\n\t\t\t\t\t\t\t<div class=\"e-q-footer\">\n\t\t\t\t\t\t\t\t\t\t\t<cite class=\"elementor-blockquote__author\">Helena Agosti, Italy (paraphrased)<\/cite>\n\t\t\t\t\t\t\t\t\t\t\t\t\t\t<\/div>\n\t\t\t\t\t<\/blockquote>\n\t\t\t\t\t\t<\/div>\n\t\t\t\t<\/div>\n\t\t\t\t<\/div>\n\t\t\t\t\t<\/div>\n\t\t\t\t<\/div>\n\t\t\t\t<\/div>\n\t\t","protected":false},"excerpt":{"rendered":"<p>\u00c9ducation non-formelle : o\u00f9 la tradition rencontre la transmission L&rsquo;\u00e9ducation non formelle est souvent n\u00e9glig\u00e9e \u2014 pourtant, elle joue un r\u00f4le essentiel dans la pr\u00e9servation du patrimoine culturel, le soutien \u00e0 l&rsquo;apprentissage des adultes et la transmission de savoir-faire que les syst\u00e8mes formels conservent rarement. Elle est ancr\u00e9e dans les communaut\u00e9s, guid\u00e9e par l&rsquo;exp\u00e9rience et [&hellip;]<\/p>\n","protected":false},"author":13,"featured_media":0,"parent":0,"menu_order":0,"comment_status":"closed","ping_status":"closed","template":"","meta":{"footnotes":""},"class_list":["post-612","page","type-page","status-publish","hentry"],"_links":{"self":[{"href":"https:\/\/projects.madineurope.eu\/bricks\/fr\/wp-json\/wp\/v2\/pages\/612","targetHints":{"allow":["GET"]}}],"collection":[{"href":"https:\/\/projects.madineurope.eu\/bricks\/fr\/wp-json\/wp\/v2\/pages"}],"about":[{"href":"https:\/\/projects.madineurope.eu\/bricks\/fr\/wp-json\/wp\/v2\/types\/page"}],"author":[{"embeddable":true,"href":"https:\/\/projects.madineurope.eu\/bricks\/fr\/wp-json\/wp\/v2\/users\/13"}],"replies":[{"embeddable":true,"href":"https:\/\/projects.madineurope.eu\/bricks\/fr\/wp-json\/wp\/v2\/comments?post=612"}],"version-history":[{"count":9,"href":"https:\/\/projects.madineurope.eu\/bricks\/fr\/wp-json\/wp\/v2\/pages\/612\/revisions"}],"predecessor-version":[{"id":888,"href":"https:\/\/projects.madineurope.eu\/bricks\/fr\/wp-json\/wp\/v2\/pages\/612\/revisions\/888"}],"wp:attachment":[{"href":"https:\/\/projects.madineurope.eu\/bricks\/fr\/wp-json\/wp\/v2\/media?parent=612"}],"curies":[{"name":"wp","href":"https:\/\/api.w.org\/{rel}","templated":true}]}}